{"id":6666,"date":"2026-09-04T07:44:17","date_gmt":"2026-09-04T05:44:17","guid":{"rendered":"https:\/\/skrivanek.sk\/a-testreszabott-stilus-betartasanak-ellenorzese\/"},"modified":"2026-09-04T07:44:20","modified_gmt":"2026-09-04T05:44:20","slug":"a-testreszabott-stilus-betartasanak-ellenorzese","status":"publish","type":"page","link":"https:\/\/skrivanek.sk\/hu\/mi\/a-testreszabott-stilus-betartasanak-ellenorzese\/","title":{"rendered":"A testreszabott st\u00edlus betart\u00e1s\u00e1nak ellen\u0151rz\u00e9se"},"content":{"rendered":"<div id=\"pl-6666\"  class=\"panel-layout\" ><div id=\"pg-6666-0\"  class=\"panel-grid panel-no-style\" ><div id=\"pgc-6666-0-0\"  class=\"panel-grid-cell\" ><div id=\"panel-6666-0-0-0\" class=\"so-panel widget widget_wpa9-editor-ext panel-first-child panel-last-child\" data-index=\"0\" ><div\n\t\t\t\n\t\t\tclass=\"so-widget-wpa9-editor-ext so-widget-wpa9-editor-ext-default-c93e1481a745-6666\"\n\t\t\t\n\t\t>\n<div class=\"siteorigin-widget-tinymce textwidget\">\n\t<div class=\"columns columns-2\" data-columns=\"2\">\n<div class=\"column column-1\">\n<h2>Szakmai ellen\u0151rz\u00e9s a stilisztikai szab\u00e1lyoknak megfelel\u0151en<\/h2>\n<p><strong>Pontoss\u00e1g minden apr\u00f3 r\u00e9szletben<\/strong><\/p>\n<p>Szem\u00e9lyre szabott st\u00edlusellen\u0151rz\u00e9si szolg\u00e1ltat\u00e1sunk \u00fagy van kialak\u00edtva, hogy sz\u00f6vegeit gondosan \u00f6sszehasonl\u00edtsa az \u00d6n \u00e1ltal v\u00e1lasztott st\u00edlusk\u00e9zik\u00f6nyvekben meghat\u00e1rozott r\u00e9szletes k\u00f6vetelm\u00e9nyekkel, legyen sz\u00f3 ak\u00e1r az APA-r\u00f3l, az MLA-r\u00f3l, Chicago vagy b\u00e1rmely m\u00e1s speci\u00e1lis keretrendszerr\u0151l van sz\u00f3, amelynek tartalm\u00e1nak meg kell felelnie. Ez a folyamat mag\u00e1ban foglalja a szak\u00e9rt\u0151ink \u00e1ltal v\u00e9gzett \u00e1tfog\u00f3 lektor\u00e1l\u00e1st, akik m\u00e9lyrehat\u00f3 ismeretekkel rendelkeznek a k\u00fcl\u00f6nb\u00f6z\u0151 stilisztikai konvenci\u00f3kr\u00f3l \u00e9s azok megk\u00fcl\u00f6nb\u00f6ztet\u0151 \u00e1rnyalatair\u00f3l.<\/p>\n<\/div>\n<div class=\"column column-2\">\n<p><img loading=\"lazy\" decoding=\"async\" class=\"aligncenter wp-image-72071\" src=\"https:\/\/skrivanek.cz\/wp-content\/uploads\/2024\/09\/ai-eye.jpg\" alt=\"ai\" width=\"350\" height=\"350\"\/><\/p>\n<\/div>\n<\/div>\n<\/div>\n<\/div><\/div><\/div><\/div><div id=\"pg-6666-1\"  class=\"panel-grid panel-has-style\" ><div class=\"siteorigin-panels-stretch panel-row-padding-none panel-row-style panel-row-style-for-6666-1\" data-stretch-type=\"full\" ><div id=\"pgc-6666-1-0\"  class=\"panel-grid-cell\" ><div id=\"panel-6666-1-0-0\" class=\"so-panel widget widget_wpa9-card-l panel-first-child panel-last-child\" data-index=\"1\" ><div\n\t\t\t\n\t\t\tclass=\"so-widget-wpa9-card-l so-widget-wpa9-card-l-default-c93e1481a745-6666\"\n\t\t\t\n\t\t>\n\n<div class=\"wpa9-card wpa9-card-l-container d-flex flex-wrap wpa9-columns-2\">\n\n\t\n\t\t\n\t<div class=\"wpa9-card-l-panel wpa9-panel shadow rounded d-flex flex-column justify-content-between\">\n\n\t\t<div>\n\t\t\t\t\n\t\t\t\t\t\t\t\t<h2 class=\"wpa9-panel-title\">A st\u00edlus \u00e9s a hangv\u00e9tel \u00e1tfog\u00f3 \u00e9rt\u00e9kel\u00e9se<\/h2>\n\t\t\n\t\t\t\t\t\t\t<div class=\"wpa9-panel-content\"><p><strong>Az alapvet\u0151 nyelvtan keretein t\u00fal<\/strong><\/p>\n<p>B\u00e1r az alapvet\u0151 nyelvtani ellen\u0151rz\u00e9s elengedhetetlen, szolg\u00e1ltat\u00e1sunk enn\u00e9l tov\u00e1bb megy: \u00e9s&nbsp;olyan szempontokat is vizsg\u00e1l, mint a hivatkoz\u00e1sok form\u00e1tuma, az akt\u00edv \u00e9s&nbsp;passz\u00edv szerkezetek haszn\u00e1lata, a speci\u00e1lis terminol\u00f3gia betart\u00e1sa, valamint&nbsp;az \u00d6n k\u00e9zik\u00f6nyv\u00e9ben el\u0151\u00edrt \u00e1ltal\u00e1nos hangnem. \u00cdgy biztos\u00edtjuk, hogy sz\u00f6vegei ne csak j\u00f3l hangozzanak, hanem megfeleljenek az \u00d6n szakm\u00e1j\u00e1ra vagy tudom\u00e1nyter\u00fclet\u00e9re vonatkoz\u00f3 szigor\u00fa k\u00f6vetelm\u00e9nyeknek is.<\/p>\n<\/div>\n\t\t\t\t<\/div>\n\n\t\t\n\t<\/div>\n\n\t\t\n\t<div class=\"wpa9-card-l-panel wpa9-panel shadow rounded d-flex flex-column justify-content-between\">\n\n\t\t<div>\n\t\t\t\t\n\t\t\t\t\t\t\t\t<h2 class=\"wpa9-panel-title\">Szem\u00e9lyre szabott megold\u00e1sok a k\u00fcl\u00f6nb\u00f6z\u0151 ig\u00e9nyekhez<\/h2>\n\t\t\n\t\t\t\t\t\t\t<div class=\"wpa9-panel-content\"><p>Ak\u00e1r tudom\u00e1nyos dolgozatot, \u00fczleti jelent\u00e9st, m\u0171szaki k\u00e9zik\u00f6nyvet vagy marketinganyagokat k\u00e9sz\u00edt, szem\u00e9lyre szabott st\u00edlusellen\u0151rz\u00e9si szolg\u00e1ltat\u00e1sunk garant\u00e1lja, hogy dokumentumai t\u00fckr\u00f6zz\u00e9k azt a professzionalizmust \u00e9s&nbsp;pontoss\u00e1got, amelyet munk\u00e1ja meg\u00e9rdemel. A tartalm\u00e1t a bevett stilisztikai \u00fatmutat\u00f3khoz igaz\u00edtva hozz\u00e1j\u00e1rulunk annak hiteless\u00e9g\u00e9nek \u00e9s&nbsp;olvashat\u00f3s\u00e1g\u00e1nak n\u00f6vel\u00e9s\u00e9hez, ami biztos\u00edtja, hogy az&nbsp;c\u00e9lk\u00f6z\u00f6ns\u00e9g\u00e9vel is rezon\u00e1ljon.<\/p>\n<\/div>\n\t\t\t\t<\/div>\n\n\t\t\n\t<\/div>\n\n\t\t\n\t\n<\/div>\n<\/div><\/div><\/div><\/div><\/div><div id=\"pg-6666-2\"  class=\"panel-grid panel-has-style\" ><div class=\"panel-row-padding-none panel-row-style panel-row-style-for-6666-2\" ><div id=\"pgc-6666-2-0\"  class=\"panel-grid-cell\" ><div id=\"panel-6666-2-0-0\" class=\"so-panel widget widget_wpa9-editor-ext panel-first-child panel-last-child\" data-index=\"2\" ><div\n\t\t\t\n\t\t\tclass=\"so-widget-wpa9-editor-ext so-widget-wpa9-editor-ext-default-c93e1481a745-6666\"\n\t\t\t\n\t\t>\n<div class=\"siteorigin-widget-tinymce textwidget\">\n\t<h2>Mi\u00e9rt \u00e9rdemes a Skrivanek MI-t v\u00e1lasztani a st\u00edlus betart\u00e1s\u00e1nak ellen\u0151rz\u00e9s\u00e9hez?<\/h2>\n<p>A Skrivanek v\u00e1laszt\u00e1sa azt jelenti, hogy olyan partnert v\u00e1laszt, aki tiszt\u00e1ban van a stilisztikai pontoss\u00e1g jelent\u0151s\u00e9g\u00e9vel a szakmai \u00edr\u00e1sban. Szolg\u00e1ltat\u00e1sunk a k\u00f6vetkez\u0151ket k\u00edn\u00e1lja:<\/p>\n<ul>\n<li><strong>szak\u00e9rtelem<\/strong>: hozz\u00e1f\u00e9r\u00e9s olyan szakemberekhez, akik j\u00f3l ismerik a stilisztikai k\u00e9zik\u00f6nyvek \u00e9s referencia-\u00fatmutat\u00f3k sz\u00e9les sk\u00e1l\u00e1j\u00e1t<\/li>\n<li><strong>a r\u00e9szletek ir\u00e1nti figyelem<\/strong>: elk\u00f6telezetts\u00e9g biztos\u00edt\u00e1sa azir\u00e1nt, hogy sz\u00f6veg\u00e9nek minden szempontja \u00f6sszhangban legyen a kiv\u00e1lasztott stilisztikai ir\u00e1nyelvekkel<\/li>\n<li><strong>szem\u00e9lyre szabott ellen\u0151rz\u00e9s<\/strong>: az \u00d6n dokumentumainak \u00e9s \u00e1gazat\u00e1nak saj\u00e1tos k\u00f6vetelm\u00e9nyeinek megfelel\u0151, testreszabott megold\u00e1sok<\/li>\n<\/ul>\n<div class=\"columns columns-2\" data-columns=\"2\">\n<div class=\"column column-1\">\n<h1>99%<\/h1>\n<p><em>pontoss\u00e1g<\/em><\/p>\n<\/div>\n<div class=\"column column-2\">\n<p>&nbsp;<\/p>\n<p><img loading=\"lazy\" decoding=\"async\" class=\"alignnone wp-image-72029\" src=\"https:\/\/skrivanek.cz\/wp-content\/uploads\/2024\/09\/ai-icon-04.png\" alt=\"ai\" width=\"64\" height=\"64\"\/><\/p>\n<\/div>\n<\/div>\n<p>&nbsp;<\/p>\n<p>A Skrivanek \u00e1ltal k\u00edn\u00e1lt, szem\u00e9lyre szabott st\u00edlusellen\u0151rz\u00e9si szolg\u00e1ltat\u00e1ssal biztos lehet benne, hogy sz\u00f6vegei nem csup\u00e1n megfelelnek, hanem t\u00falteljes\u00edtik az \u00d6n \u00e1ltal kiv\u00e1lasztott ir\u00e1nyelvekben meghat\u00e1rozott stilisztikai k\u00f6vetelm\u00e9nyeket. Seg\u00edt\u00fcnk abban, hogy \u00edr\u00e1sa ne csak helyes legyen, hanem kiemelked\u0151 is, \u00f6sszhangban azokkal a saj\u00e1t st\u00edlusjegyekkel, amelyek meghat\u00e1rozz\u00e1k munk\u00e1ja sz\u00ednvonal\u00e1t.<\/p>\n<\/div>\n<\/div><\/div><\/div><div id=\"pgc-6666-2-1\"  class=\"panel-grid-cell\" ><div id=\"panel-6666-2-1-0\" class=\"so-panel widget panel-first-child panel-last-child\" data-index=\"3\" ><\/div><\/div><\/div><\/div><div id=\"pg-6666-3\"  class=\"panel-grid panel-no-style\" ><div id=\"pgc-6666-3-0\"  class=\"panel-grid-cell panel-grid-cell-empty\" ><\/div><\/div><\/div>","protected":false},"excerpt":{"rendered":"<p>Szakmai ellen\u0151rz\u00e9s a stilisztikai szab\u00e1lyoknak megfelel\u0151en Pontoss\u00e1g minden apr\u00f3 r\u00e9szletben Szem\u00e9lyre szabott st\u00edlusellen\u0151rz\u00e9si szolg\u00e1ltat\u00e1sunk \u00fagy van kialak\u00edtva, hogy sz\u00f6vegeit gondosan \u00f6sszehasonl\u00edtsa az \u00d6n \u00e1ltal v\u00e1lasztott st\u00edlusk\u00e9zik\u00f6nyvekben meghat\u00e1rozott r\u00e9szletes k\u00f6vetelm\u00e9nyekkel, legyen sz\u00f3 ak\u00e1r az APA-r\u00f3l, az MLA-r\u00f3l, Chicago vagy b\u00e1rmely m\u00e1s speci\u00e1lis keretrendszerr\u0151l van sz\u00f3, amelynek tartalm\u00e1nak meg kell felelnie. Ez a folyamat mag\u00e1ban foglalja a [&hellip;]<\/p>\n","protected":false},"author":1,"featured_media":0,"parent":6679,"menu_order":0,"comment_status":"closed","ping_status":"closed","template":"","meta":{"_acf_changed":false,"footnotes":""},"class_list":["post-6666","page","type-page","status-publish","hentry"],"acf":[],"_links":{"self":[{"href":"https:\/\/skrivanek.sk\/hu\/wp-json\/wp\/v2\/pages\/6666","targetHints":{"allow":["GET"]}}],"collection":[{"href":"https:\/\/skrivanek.sk\/hu\/wp-json\/wp\/v2\/pages"}],"about":[{"href":"https:\/\/skrivanek.sk\/hu\/wp-json\/wp\/v2\/types\/page"}],"author":[{"embeddable":true,"href":"https:\/\/skrivanek.sk\/hu\/wp-json\/wp\/v2\/users\/1"}],"replies":[{"embeddable":true,"href":"https:\/\/skrivanek.sk\/hu\/wp-json\/wp\/v2\/comments?post=6666"}],"version-history":[{"count":1,"href":"https:\/\/skrivanek.sk\/hu\/wp-json\/wp\/v2\/pages\/6666\/revisions"}],"predecessor-version":[{"id":6692,"href":"https:\/\/skrivanek.sk\/hu\/wp-json\/wp\/v2\/pages\/6666\/revisions\/6692"}],"up":[{"embeddable":true,"href":"https:\/\/skrivanek.sk\/hu\/wp-json\/wp\/v2\/pages\/6679"}],"wp:attachment":[{"href":"https:\/\/skrivanek.sk\/hu\/wp-json\/wp\/v2\/media?parent=6666"}],"curies":[{"name":"wp","href":"https:\/\/api.w.org\/{rel}","templated":true}]}}