{"id":6661,"date":"2026-09-04T07:44:16","date_gmt":"2026-09-04T05:44:16","guid":{"rendered":"https:\/\/skrivanek.sk\/mesterseges-intelligencia-kepzes-vallalatok-szamara\/"},"modified":"2026-09-04T07:44:21","modified_gmt":"2026-09-04T05:44:21","slug":"mesterseges-intelligencia-kepzes-vallalatok-szamara","status":"publish","type":"page","link":"https:\/\/skrivanek.sk\/hu\/mi\/mesterseges-intelligencia-kepzes-vallalatok-szamara\/","title":{"rendered":"Mesters\u00e9ges intelligencia k\u00e9pz\u00e9s v\u00e1llalatok sz\u00e1m\u00e1ra"},"content":{"rendered":"<div id=\"pl-6661\"  class=\"panel-layout\" ><div id=\"pg-6661-0\"  class=\"panel-grid panel-has-style\" ><div class=\"siteorigin-panels-stretch panel-row-padding-none panel-row-style panel-row-style-for-6661-0\" data-stretch-type=\"full\" ><div id=\"pgc-6661-0-0\"  class=\"panel-grid-cell\" ><div id=\"panel-6661-0-0-0\" class=\"so-panel widget widget_wpa9-editor-ext panel-first-child panel-last-child\" data-index=\"0\" ><div\n\t\t\t\n\t\t\tclass=\"so-widget-wpa9-editor-ext so-widget-wpa9-editor-ext-default-c93e1481a745-6661\"\n\t\t\t\n\t\t>\n<div class=\"siteorigin-widget-tinymce textwidget\">\n\t<p><img loading=\"lazy\" decoding=\"async\" class=\"aligncenter wp-image-72074\" src=\"https:\/\/skrivanek.cz\/wp-content\/uploads\/2024\/09\/ai-head.jpg\" alt=\"ai\" width=\"400\" height=\"400\"\/><\/p>\n<\/div>\n<\/div><\/div><\/div><div id=\"pgc-6661-0-1\"  class=\"panel-grid-cell\" ><div id=\"panel-6661-0-1-0\" class=\"so-panel widget widget_wpa9-editor-ext panel-first-child panel-last-child\" data-index=\"1\" ><div\n\t\t\t\n\t\t\tclass=\"so-widget-wpa9-editor-ext so-widget-wpa9-editor-ext-default-c93e1481a745-6661\"\n\t\t\t\n\t\t>\n<div class=\"siteorigin-widget-tinymce textwidget\">\n\t<h3>Mire sz\u00e1m\u00edthatnak az \u201e&nbsp;mesters\u00e9ges intelligencia tanfolyamon?<\/h3>\n<ul>\n<li><strong>A mesters\u00e9ges intelligencia egyszer\u0171 alapjai<\/strong><br \/>\nR\u00f6vid ismertet\u00e9s arr\u00f3l, hogy mi is az a mesters\u00e9ges intelligencia (&nbsp;), \u00e9s hogyan lehet azt a&nbsp;mindennapi irodai gyakorlatban alkalmazni.<\/li>\n<li><strong>P\u00e9ld\u00e1k olyan eszk\u00f6z\u00f6kre, amelyek val\u00f3ban seg\u00edtenek<\/strong><br \/>\nA ChatGPT, a Copilot, a Gemini, az&nbsp;\u00e9s m\u00e1sok \u2013 mire k\u00e9pesek, \u00e9s&nbsp;hogyan haszn\u00e1lhatja \u0151ket a munk\u00e1j\u00e1ban.<\/li>\n<li><strong>Hogyan kell helyesen megadni a feladatokat az MI-nek<\/strong><br \/>\nMegtanulja, hogyan kell \u00fagynevezett \u201e&nbsp;utas\u00edt\u00e1sokat k\u00e9sz\u00edteni, hogy a mesters\u00e9ges intelligencia azt tegye, amire sz\u00fcks\u00e9ge van.<\/li>\n<li><strong>A mesters\u00e9ges intelligencia alkalmaz\u00e1sa rutinfeladatok elv\u00e9gz\u00e9s\u00e9re<\/strong><br \/>\nSz\u00f6vegek automatikus \u00f6sszefoglal\u00e1sa, e-mailek \u00edr\u00e1sa, ford\u00edt\u00e1sok, tal\u00e1lkoz\u00f3k jegyz\u0151k\u00f6nyveinek elk\u00e9sz\u00edt\u00e9se, \u00e9s&nbsp;egyebek.<\/li>\n<li><strong>Gyakorlati feladatok a&nbsp;weboldalr\u00f3l a munkarendj\u00e9hez<\/strong><br \/>\nAz eszk\u00f6z\u00f6ket k\u00f6zvetlen\u00fcl azokon a feladatokon pr\u00f3b\u00e1lhatja ki, amelyekkel rendszeresen foglalkozik (sz\u00f6vegek, t\u00e1bl\u00e1zatok, \u00e1ttekint\u00e9sek...).<\/li>\n<li><strong>Biztons\u00e1g \u00e9s&nbsp;j\u00f3zan \u00e9sz az&nbsp;mesters\u00e9ges intelligencia haszn\u00e1lata sor\u00e1n<\/strong><br \/>\nMire kell figyelni, mit ne osszunk meg, \u00e9s&nbsp;hogyan lehet felismerni, ha a mesters\u00e9ges intelligencia \u201ekital\u00e1lja\u201d a dolgokat.<\/li>\n<li><strong>Hely a k\u00e9rd\u00e9seknek \u00e9s&nbsp;p\u00e9ld\u00e1k a&nbsp;gyakorlatb\u00f3l<\/strong><br \/>\nBesz\u00e9lget\u00e9s az&nbsp;oldalon arr\u00f3l, ami \u00e9rdekli \u00d6n\u00f6ket \u2013 bonyolult technikai r\u00e9szletek n\u00e9lk\u00fcl, valamint az&nbsp;oldalon a&nbsp;bar\u00e1ts\u00e1gos l\u00e9gk\u00f6rben.<\/li>\n<\/ul>\n<p style=\"text-align: left;\"><span style=\"font-size: 20px;\"><a class=\"btn btn-negative\" href=\"https:\/\/skrivanek.cz\/cz\/poptavka-ai-kurz\/\">Rendeljen mesters\u00e9ges intelligencia k\u00e9pz\u00e9st a csapat\u00e1nak \u2013 k\u00f6telezetts\u00e9g n\u00e9lk\u00fcli aj\u00e1nlatk\u00e9r\u00e9s<\/a><\/span><\/p>\n<\/div>\n<\/div><\/div><\/div><\/div><\/div><div id=\"pg-6661-1\"  class=\"panel-grid panel-has-style\" ><div class=\"panel-row-padding-none panel-row-style panel-row-style-for-6661-1\" ><div id=\"pgc-6661-1-0\"  class=\"panel-grid-cell\" ><div id=\"panel-6661-1-0-0\" class=\"so-panel widget widget_wpa9-editor-ext panel-first-child panel-last-child\" data-index=\"2\" ><div\n\t\t\t\n\t\t\tclass=\"so-widget-wpa9-editor-ext so-widget-wpa9-editor-ext-default-c93e1481a745-6661\"\n\t\t\t\n\t\t>\n<div class=\"siteorigin-widget-tinymce textwidget\">\n\t<h3 data-start=\"1255\" data-end=\"1287\">Kiknek sz\u00f3l az MI-k\u00e9pz\u00e9s?<\/h3>\n<p data-start=\"1288\" data-end=\"1402\">A tanfolyam olyan v\u00e1llalati csapatoknak sz\u00f3l, amelyek meg akarj\u00e1k \u00e9rteni a mesters\u00e9ges intelligencia lehet\u0151s\u00e9geit, \u00e9s meg akarj\u00e1k tanulni, hogyan haszn\u00e1lj\u00e1k az olyan eszk\u00f6z\u00f6ket, mint <a href=\"https:\/\/openai.com\/index\/chatgpt\/\">a ChatGPT<\/a>, a Microsoft Copilot, a Google Gemini \u00e9s m\u00e1sok \u2013 egyszer\u0171en, gyakorlatiasan \u00e9s technikai ismeretek n\u00e9lk\u00fcl.<\/p>\n<p data-start=\"1288\" data-end=\"1402\"><br data-start=\"1381\" data-end=\"1384\" \/>Jellemz\u0151en az al\u00e1bbi c\u00e9lcsoportoknak tartunk k\u00e9pz\u00e9seket:<\/p>\n<div class=\"columns columns-2\" data-columns=\"2\">\n<div class=\"column column-1\">\n<ul data-start=\"1403\" data-end=\"1555\">\n<li data-start=\"1403\" data-end=\"1430\">\n<p data-start=\"1405\" data-end=\"1430\">menedzserek \u00e9s csapatvezet\u0151k<\/p>\n<\/li>\n<li data-start=\"1431\" data-end=\"1462\">\n<p data-start=\"1433\" data-end=\"1462\">HR-szak\u00e9rt\u0151k \u00e9s munkaer\u0151-toborz\u00f3k<\/p>\n<\/li>\n<li data-start=\"1463\" data-end=\"1511\">\n<p data-start=\"1465\" data-end=\"1511\">\u00e9rt\u00e9kes\u00edt\u00e9si, marketing \u00e9s \u00fcgyf\u00e9lszolg\u00e1lati r\u00e9szlegek<\/p>\n<\/li>\n<li data-start=\"1463\" data-end=\"1511\">\n<p data-start=\"1465\" data-end=\"1511\">adminisztrat\u00edv munkat\u00e1rsak \u00e9s asszisztensek<\/p>\n<\/li>\n<li data-start=\"1463\" data-end=\"1511\">\n<p data-start=\"1465\" data-end=\"1511\">az \u00fczlet, a szerviz vagy a logisztika ter\u00fclet\u00e9n dolgoz\u00f3k<\/p>\n<\/li>\n<li data-start=\"1463\" data-end=\"1511\">\n<p data-start=\"1465\" data-end=\"1511\">projektkoordin\u00e1torok<\/p>\n<\/li>\n<li data-start=\"1463\" data-end=\"1511\">\n<p data-start=\"1465\" data-end=\"1511\">\u00fcgyint\u00e9z\u0151k, tisztvisel\u0151k, jegyz\u0151k\u00f6nyvvezet\u0151k<\/p>\n<\/li>\n<li data-start=\"1463\" data-end=\"1511\">\n<p data-start=\"1465\" data-end=\"1511\">b\u00e1rki, aki rendszeresen haszn\u00e1l irodai szoftvereket<\/p>\n<\/li>\n<\/ul>\n<\/div>\n<div class=\"column column-2\">\n<p>&nbsp;<\/p>\n<p><img loading=\"lazy\" decoding=\"async\" class=\"aligncenter wp-image-72006\" src=\"https:\/\/skrivanek.cz\/wp-content\/uploads\/2024\/09\/ai-icon-01.png\" alt=\"ai\" width=\"64\" height=\"64\"\/><\/p>\n<\/div>\n<\/div>\n<p data-start=\"1557\" data-end=\"1661\">A tanfolyamhoz <strong data-start=\"893\" data-end=\"957\">nincs sz\u00fcks\u00e9g semmilyen el\u0151zetes MI-tapasztalatra, sem informatikai ismeretekre<\/strong> \u2013 a r\u00e9sztvev\u0151k mindent l\u00e9p\u00e9sr\u0151l l\u00e9p\u00e9sre kipr\u00f3b\u00e1lhatnak az irodai gyakorlatb\u00f3l vett p\u00e9ld\u00e1kon kereszt\u00fcl.<\/p>\n<div class=\"columns columns-2\" data-columns=\"2\">\n<div class=\"column column-1\">\n<h3 data-start=\"1668\" data-end=\"1694\">Hogyan zajlik az MI-tanfolyam?<\/h3>\n<ul>\n<li data-start=\"1697\" data-end=\"1731\"><strong data-start=\"1697\" data-end=\"1707\">Form\u00e1tum:<\/strong> online vagy szem\u00e9lyes r\u00e9szv\u00e9tel<\/li>\n<li data-start=\"1796\" data-end=\"1837\"><strong data-start=\"1796\" data-end=\"1806\">Hossz:<\/strong> 2 nap (2\u00d78 \u00f3ra); a napok sz\u00e1ma \u00e9s a pontos id\u0151pont is rugalmasan alak\u00edthat\u00f3<\/li>\n<li data-start=\"1840\" data-end=\"1880\"><strong data-start=\"1840\" data-end=\"1853\">F\u00e9r\u0151hely:<\/strong> interakt\u00edv oktat\u00e1shoz legfeljebb 12 f\u0151 aj\u00e1nlott<\/li>\n<li data-start=\"1883\" data-end=\"1940\"><strong data-start=\"1883\" data-end=\"1892\">\u00c1r:<\/strong> egyedi, a projekt terjedelm\u00e9t\u0151l \u00e9s a kivitelez\u00e9s m\u00f3dj\u00e1t\u00f3l f\u00fcgg\u0151en<\/li>\n<\/ul>\n<\/div>\n<div class=\"column column-2\">\n<h3 data-start=\"1942\" data-end=\"1967\">Az MI-tanfolyam r\u00e9sztvev\u0151i a k\u00f6vetkez\u0151ket saj\u00e1t\u00edtj\u00e1k el:<\/h3>\n<ul>\n<li>A Skrivanek c\u00e9g \u00e1ltal ki\u00e1ll\u00edtott<strong>tan\u00fas\u00edtv\u00e1ny a \u201e&nbsp;tanfolyam elv\u00e9gz\u00e9s\u00e9r\u0151l:<\/strong>&nbsp;<\/li>\n<li data-start=\"691\" data-end=\"758\"><strong data-start=\"691\" data-end=\"734\">\u00d6sszefoglal\u00f3 dokumentum az alapvet\u0151 parancssor-be\u00edr\u00e1sokkal<\/strong>(&nbsp;a gyakorlati alkalmaz\u00e1shoz<\/li>\n<li data-start=\"761\" data-end=\"806\"><strong data-start=\"761\" data-end=\"806\">Kieg\u00e9sz\u00edt\u0151 anyagok \u00e9s&nbsp;tippek a tov\u00e1bbi fejl\u0151d\u00e9shez<\/strong><\/li>\n<li data-start=\"761\" data-end=\"806\"><strong>ingyenes<\/strong> konzult\u00e1ci\u00f3 a tanfolyam befejez\u00e9se ut\u00e1n<\/li>\n<\/ul>\n<\/div>\n<\/div>\n<\/div>\n<\/div><\/div><\/div><\/div><\/div><div id=\"pg-6661-2\"  class=\"panel-grid panel-has-style\" ><div class=\"siteorigin-panels-stretch panel-row-padding-none panel-row-style panel-row-style-for-6661-2\" data-stretch-type=\"full\" ><div id=\"pgc-6661-2-0\"  class=\"panel-grid-cell\" ><div id=\"panel-6661-2-0-0\" class=\"so-panel widget widget_wpa9-editor-ext panel-first-child panel-last-child\" data-index=\"3\" ><div\n\t\t\t\n\t\t\tclass=\"so-widget-wpa9-editor-ext so-widget-wpa9-editor-ext-default-c93e1481a745-6661\"\n\t\t\t\n\t\t>\n<div class=\"siteorigin-widget-tinymce textwidget\">\n\t<h3 data-start=\"195\" data-end=\"231\">Mi\u00e9rt \u00e9ppen a mi mesters\u00e9ges intelligencia tanfolyamunkat v\u00e1lassza?<\/h3>\n<h5 data-start=\"233\" data-end=\"265\"><strong>\u2705 Azonnali gyakorlati alkalmaz\u00e1s<\/strong><\/h5>\n<p data-start=\"266\" data-end=\"428\">A tanfolyam a mindennapi irodai munka konkr\u00e9t helyzetein alapul \u2013 az e-mailek \u00edr\u00e1s\u00e1t\u00f3l kezdve a dokumentumok \u00e9s t\u00e1bl\u00e1zatok kezel\u00e9s\u00e9n \u00e1t eg\u00e9szen a rutinfeladatok automatiz\u00e1l\u00e1s\u00e1ig.<\/p>\n<h5 data-start=\"430\" data-end=\"472\"><strong>\u2705 M\u00e9g a teljesen kezd\u0151k sz\u00e1m\u00e1ra is el\u00e9rhet\u0151<\/strong><\/h5>\n<p data-start=\"473\" data-end=\"578\">Nincs sz\u00fcks\u00e9g el\u0151zetes ismeretekre. Mindent l\u00e9p\u00e9sr\u0151l l\u00e9p\u00e9sre elmagyar\u00e1zunk \u2013 \u00e9rthet\u0151en \u00e9s gyakorlatias m\u00f3don.<\/p>\n<h5 data-start=\"580\" data-end=\"622\"><strong>\u2705 Id\u0151megtakar\u00edt\u00e1s az intelligens eszk\u00f6z\u00f6knek k\u00f6sz\u00f6nhet\u0151en<\/strong><\/h5>\n<p data-start=\"623\" data-end=\"762\">Megtanulhatja, hogyan haszn\u00e1lja hat\u00e9konyan az olyan eszk\u00f6z\u00f6ket, mint a ChatGPT, a Microsoft Copilot vagy a Google Gemini \u2013 az egyszer\u0171s\u00e9gre, a gyorsas\u00e1gra \u00e9s a pontoss\u00e1gra helyezve a hangs\u00falyt.<\/p>\n<h5 data-start=\"764\" data-end=\"798\"><strong>\u2705 A biztons\u00e1g az els\u0151 helyen<\/strong><\/h5>\n<p data-start=\"799\" data-end=\"903\">Megmutatjuk \u00d6n\u00f6knek, hogyan lehet felel\u0151ss\u00e9gteljesen haszn\u00e1lni a mesters\u00e9ges intelligenci\u00e1t \u2013 figyelembe v\u00e9ve az adatv\u00e9delmet, az inform\u00e1ci\u00f3k bizalmas kezel\u00e9s\u00e9t \u00e9s a j\u00f3zan \u00edt\u00e9l\u0151k\u00e9pess\u00e9get.<\/p>\n<h5 data-start=\"905\" data-end=\"954\"><strong>\u2705 Interakt\u00edv \u00f3ra, ahol lehet\u0151s\u00e9g van k\u00e9rd\u00e9seket feltenni<\/strong><\/h5>\n<p data-start=\"955\" data-end=\"1093\">A tanfolyamot tapasztalt oktat\u00f3k vezetik, akik gyakorlati tapasztalattal rendelkeznek a feln\u0151ttoktat\u00e1s ter\u00fclet\u00e9n. \u00c9l\u0151 bemutat\u00f3k, gyakorlati feladatok \u00e9s az \u00d6n temp\u00f3j\u00e1hoz igazod\u00f3 besz\u00e9lget\u00e9sek v\u00e1rnak \u00d6nre.<\/p>\n<\/div>\n<\/div><\/div><\/div><div id=\"pgc-6661-2-1\"  class=\"panel-grid-cell\" ><div id=\"panel-6661-2-1-0\" class=\"so-panel widget panel-first-child panel-last-child\" data-index=\"4\" ><\/div><\/div><\/div><\/div><div id=\"pg-6661-3\"  class=\"panel-grid panel-has-style\" ><div class=\"panel-row-padding-none panel-row-style panel-row-style-for-6661-3\" ><div id=\"pgc-6661-3-0\"  class=\"panel-grid-cell\" ><div id=\"panel-6661-3-0-0\" class=\"so-panel widget widget_wpa9-editor-ext panel-first-child panel-last-child\" data-index=\"5\" ><div\n\t\t\t\n\t\t\tclass=\"so-widget-wpa9-editor-ext so-widget-wpa9-editor-ext-default-c93e1481a745-6661\"\n\t\t\t\n\t\t>\n<div class=\"siteorigin-widget-tinymce textwidget\">\n\t<h4 data-start=\"507\" data-end=\"549\">B\u00f3nusz: <strong>ingyenes konzult\u00e1ci\u00f3<\/strong> a tanfolyam befejez\u00e9se ut\u00e1n<\/h4>\n<p data-start=\"552\" data-end=\"758\">A mesters\u00e9ges intelligencia v\u00e1llalati gyakorlatba val\u00f3 bevezet\u00e9se \u00e1ltal\u00e1ban csak a k\u00e9pz\u00e9s ut\u00e1n jelenti a legnagyobb kih\u00edv\u00e1st. Ez\u00e9rt v\u00e9gz\u0151seinknek <strong>ingyenes, 30 perces online konzult\u00e1ci\u00f3t<\/strong> k\u00edn\u00e1lunk, amelyet <strong data-start=\"716\" data-end=\"755\">a tanfolyam befejez\u00e9s\u00e9t k\u00f6vet\u0151 egy h\u00f3napon bel\u00fcl<\/strong> vehetnek ig\u00e9nybe.<\/p>\n<h3 data-start=\"183\" data-end=\"225\"><\/h3>\n<h3 data-start=\"183\" data-end=\"225\">A k\u00e9pz\u00e9st az \u00d6n\u00f6k ig\u00e9nyeihez igaz\u00edtjuk<\/h3>\n<p data-start=\"227\" data-end=\"364\">Minden szervezetnek m\u00e1sok az ig\u00e9nyei \u2013 \u00e9s mi ezt tiszteletben tartjuk. A tanfolyam tartalm\u00e1t, id\u0151tartam\u00e1t \u00e9s az oktat\u00e1s form\u00e1j\u00e1t az \u00d6n csapat\u00e1hoz igaz\u00edtjuk. Ak\u00e1r:<\/p>\n<div class=\"columns columns-2\" data-columns=\"2\">\n<div class=\"column column-1\">\n<ul>\n<li data-start=\"368\" data-end=\"408\">egy konkr\u00e9t munkatervre k\u00edv\u00e1n \u00f6sszpontos\u00edtani,<\/li>\n<li data-start=\"411\" data-end=\"449\">egy kisebb csoportot vagy az eg\u00e9sz csapatot akar kik\u00e9pezni,<\/li>\n<li data-start=\"452\" data-end=\"493\">a k\u00e9pz\u00e9seket szem\u00e9lyesen vagy online form\u00e1ban akarja lebonyol\u00edtani,<\/li>\n<li data-start=\"496\" data-end=\"551\">vagy a munkav\u00e1llal\u00f3k lehet\u0151s\u00e9geihez k\u00edv\u00e1nja igaz\u00edtani az id\u0151keretet,<\/li>\n<\/ul>\n<\/div>\n<div class=\"column column-2\">\n<p><img loading=\"lazy\" decoding=\"async\" class=\"aligncenter wp-image-72035\" src=\"https:\/\/skrivanek.cz\/wp-content\/uploads\/2024\/09\/ai-icon-06.png\" alt=\"ai\" width=\"64\" height=\"64\"\/><\/p>\n<\/div>\n<\/div>\n<p data-start=\"553\" data-end=\"585\">Egy\u00fctt megtal\u00e1ljuk <strong>az ide\u00e1lis megold\u00e1st<\/strong>.<\/p>\n<p data-start=\"587\" data-end=\"718\">Csak mondja el nek\u00fcnk, mire van sz\u00fcks\u00e9ge \u2013 mi pedig elk\u00e9sz\u00edt\u00fcnk egy olyan javaslatot, amely megfelel az \u00d6n c\u00e9ljainak, a r\u00e9sztvev\u0151k szintj\u00e9nek \u00e9s az \u00fczemeltet\u00e9si lehet\u0151s\u00e9geknek.<\/p>\n<\/div>\n<\/div><\/div><\/div><\/div><\/div><div id=\"pg-6661-4\"  class=\"panel-grid panel-has-style\" ><div class=\"siteorigin-panels-stretch panel-row-padding-none panel-row-style panel-row-style-for-6661-4\" data-stretch-type=\"full\" ><div id=\"pgc-6661-4-0\"  class=\"panel-grid-cell\" ><div id=\"panel-6661-4-0-0\" class=\"so-panel widget widget_skrv-testimonials panel-first-child panel-last-child\" data-index=\"6\" ><div\n\t\t\t\n\t\t\tclass=\"so-widget-skrv-testimonials so-widget-skrv-testimonials-default-c93e1481a745-6661\"\n\t\t\t\n\t\t>\n\n<div class=\"skrv-testimonials\">\n\n    \n  <h3 class=\"widget-title\"><span class=\"title-wrapper\"><span class=\"title\">Hogyan \u00e9rt\u00e9kelik \u00fcgyfeleink az MI tanfolyamot?<\/span><\/span><\/h3>\n  <div id=\"skrv-testimonial\" class=\"carousel slide\" data-bs-interval=\"4000\" data-bs-ride=\"carousel\" data-bs-touch=\"true\">\n    <div class=\"carousel-inner\">\n                <div class=\"skrv-testimonial-item carousel-item active\">\n        <div class=\"d-block\">\n                    <blockquote class=\"skrv-testimonial-text\">\u201eA Skrivanek c\u00e9g \u00e1ltal szervezett, a mesters\u00e9ges intelligencia t\u00e9m\u00e1j\u00e1ban tartott k\u00e9pz\u00e9s a Pardubice-i tartom\u00e1nyi hivatal alkalmazottai sz\u00e1m\u00e1ra rendk\u00edv\u00fcl hasznos \u00e9s inspir\u00e1l\u00f3 volt. Az oktat\u00f3i csapat nemcsak szak\u00e9rtelm\u00e9vel, hanem embers\u00e9ges \u00e9s seg\u00edt\u0151k\u00e9sz hozz\u00e1\u00e1ll\u00e1s\u00e1val is leny\u0171g\u00f6zte a r\u00e9sztvev\u0151ket, aminek k\u00f6sz\u00f6nhet\u0151en azok a program teljes ideje alatt motiv\u00e1ltnak \u00e9s bevonva \u00e9rezt\u00e9k magukat. A k\u00e9pz\u00e9s tartalma gondosan \u00f6ssze\u00e1ll\u00edtott, gyakorlatias \u00e9s \u00e1ttekinthet\u0151en fel\u00e9p\u00edtett volt, ami lehet\u0151v\u00e9 tette a mesters\u00e9ges intelligencia bonyolultabb fogalmainak k\u00f6nny\u0171 meg\u00e9rt\u00e9s\u00e9t is. Nagy el\u0151nyt jelentett az is, hogy lehet\u0151s\u00e9g ny\u00edlt a mesters\u00e9ges intelligencia k\u00f6zigazgat\u00e1sban val\u00f3 mindennapi alkalmaz\u00e1s\u00e1nak konkr\u00e9t p\u00e9ld\u00e1ir\u00f3l val\u00f3 eszmecser\u00e9re.\n\n\u00d6sszess\u00e9g\u00e9ben a k\u00e9pz\u00e9s nem csup\u00e1n teljes\u00edtette, hanem fel\u00fclm\u00falta az elv\u00e1r\u00e1sokat \u2013 a r\u00e9sztvev\u0151k nemcsak \u00faj ismereteket szereztek, hanem motiv\u00e1ci\u00f3t is arra, hogy tov\u00e1bb fejl\u0151djenek ezen a ter\u00fcleten. \u201eK\u00f6sz\u00f6nj\u00fck a Skrivanek c\u00e9gnek a professzion\u00e1lis szervez\u00e9st \u00e9s a hasznos tanul\u00e1si \u00e9lm\u00e9nyt.\u201d<\/blockquote>\n          <h6 class=\"skrv-testimonial-client\">Jan Slav\u00edk m\u00e9rn\u00f6k \u2013 a Pardubice-i r\u00e9gi\u00f3 region\u00e1lis hivatal\u00e1nak igazgat\u00f3ja<\/h6>\n        <\/div>\n      <\/div>\n                <div class=\"skrv-testimonial-item carousel-item\">\n        <div class=\"d-block\">\n                    <blockquote class=\"skrv-testimonial-text\">\u201eA tanfolyam sz\u00e1munkra nagyon hasznos volt \u2013 \u00e1ttekint\u00e9st kaptunk arr\u00f3l, hogy mit k\u00edn\u00e1l a mesters\u00e9ges intelligencia, \u00e9s hogyan tudjuk azt a gyakorlatban alkalmazni. K\u00fcl\u00f6n\u00f6sen nagyra \u00e9rt\u00e9kelj\u00fck a Copilot haszn\u00e1lat\u00e1nak gyakorlati bemutat\u00f3it a Microsoft 365 alkalmaz\u00e1sokban, mint p\u00e9ld\u00e1ul a Word, az Excel, a PowerPoint vagy az OneNote. Nekik k\u00f6sz\u00f6nhet\u0151en jobban el tudtuk k\u00e9pzelni, hogyan haszn\u00e1lhatjuk ezeket az eszk\u00f6z\u00f6ket a mindennapi munk\u00e1nk sor\u00e1n.\n\nA k\u00e9pz\u00e9s sz\u00e1munkra nagyon \u00f6szt\u00f6nz\u0151 volt, \u00e9s sz\u00e1mos hasznos ismeretet ny\u00fajtott sz\u00e1munkra. \u201eK\u00f6sz\u00f6nj\u00fck a kiv\u00e1l\u00f3an el\u0151k\u00e9sz\u00edtett k\u00e9pz\u00e9st \u00e9s az ismereteink b\u0151v\u00edt\u00e9s\u00e9t, amelyeket a j\u00f6v\u0151ben is biztosan hasznos\u00edtani fogunk.\u201d<\/blockquote>\n          <h6 class=\"skrv-testimonial-client\">CENTROPOL ENERGY, a.s.<\/h6>\n        <\/div>\n      <\/div>\n                <div class=\"skrv-testimonial-item carousel-item\">\n        <div class=\"d-block\">\n                    <blockquote class=\"skrv-testimonial-text\">\u201eA k\u00e9pz\u00e9s teljes m\u00e9rt\u00e9kben megfelelt az elv\u00e1r\u00e1sainknak. \u201eAz el\u0151ad\u00f3 egy igazi szakember volt, aki m\u00e9lyrehat\u00f3an ismerte a t\u00e9m\u00e1t, \u00e9s ugyanakkor k\u00e9pes volt a t\u00e9m\u00e1t \u00e9rthet\u0151en bemutatni azoknak a r\u00e9sztvev\u0151knek is, akiknek m\u00e9g nem volt el\u0151zetes tapasztalatuk.\u201d<\/blockquote>\n          <h6 class=\"skrv-testimonial-client\">Schwarzm\u00fcller s.r.o. <\/h6>\n        <\/div>\n      <\/div>\n                <div class=\"skrv-testimonial-item carousel-item\">\n        <div class=\"d-block\">\n                    <blockquote class=\"skrv-testimonial-text\">\u201eSzeretn\u00e9nk k\u00f6sz\u00f6netet mondani a mesters\u00e9ges intelligencia ter\u00fclet\u00e9re \u00f6sszpontos\u00edt\u00f3, rendk\u00edv\u00fcl hasznos k\u00e9pz\u00e9s\u00e9rt. Mind a mi, mind a koll\u00e9g\u00e1ink r\u00e9sz\u00e9r\u0151l egy\u00e9rtelm\u0171en nagyon pozit\u00edv az \u00e9rt\u00e9kel\u00e9s. A tartalom \u00e1ttekinthet\u0151en volt fel\u00e9p\u00edtve, gyakorlatias volt, \u00e9s azonnal alkalmazhat\u00f3 volt a mindennapi gyakorlatban.\n \nK\u00fcl\u00f6n k\u00f6sz\u00f6net illeti az oktat\u00f3t: el\u0151ad\u00e1sa \u00e9rthet\u0151, szakszer\u0171 \u00e9s egyben nagyon kellemes volt. Az el\u0151ad\u00e1s eg\u00e9sz ideje alatt siker\u00fclt fenntartania a r\u00e9sztvev\u0151k figyelm\u00e9t, \u00e9s olyan konkr\u00e9t p\u00e9ld\u00e1kat mutatott be, amelyek val\u00f3ban lek\u00f6t\u00f6tt\u00e9k a hallgat\u00f3s\u00e1got.\n \nNagyra \u00e9rt\u00e9kelj\u00fck tov\u00e1bb\u00e1 a kiv\u00e1l\u00f3 szervez\u00e9st \u00e9s az inspir\u00e1l\u00f3 hozz\u00e1\u00e1ll\u00e1st is. \u201e\u00d6r\u00f6mmel vesz\u00fcnk r\u00e9szt tov\u00e1bbi, ehhez kapcsol\u00f3d\u00f3 k\u00e9pz\u00e9seken is.\u201d\n<\/blockquote>\n          <h6 class=\"skrv-testimonial-client\">Astotec Automotive Czech Republic s.r.o.<\/h6>\n        <\/div>\n      <\/div>\n        <\/div>\n\n    <a class=\"carousel-control-prev\" href=\"#0\" data-bs-target=\"#skrv-testimonial\" role=\"button\" data-bs-slide=\"prev\">\n      <span class=\"carousel-control-prev-icon\" aria-hidden=\"true\"><\/span>\n      <span class=\"sr-only\">Previous<\/span>\n    <\/a>\n    <a class=\"carousel-control-next\" href=\"#0\" data-bs-target=\"#skrv-testimonial\" role=\"button\" data-bs-slide=\"next\">\n      <span class=\"carousel-control-next-icon\" aria-hidden=\"true\"><\/span>\n      <span class=\"sr-only\">Next<\/span>\n    <\/a>\n\n    <ol class=\"carousel-indicators hidden\">\n                <li data-bs-target=\"#skrv-testimonial\" data-bs-slide-to=\"0\" class=\"active\"><\/li>\n                <li data-bs-target=\"#skrv-testimonial\" data-bs-slide-to=\"1\" class=\"\"><\/li>\n                <li data-bs-target=\"#skrv-testimonial\" data-bs-slide-to=\"2\" class=\"\"><\/li>\n                <li data-bs-target=\"#skrv-testimonial\" data-bs-slide-to=\"3\" class=\"\"><\/li>\n        <\/ol>\n  <\/div>\n\n<\/div>\n\n<\/div><\/div><\/div><\/div><\/div><div id=\"pg-6661-5\"  class=\"panel-grid panel-has-style\" ><div class=\"panel-row-padding-none panel-row-style panel-row-style-for-6661-5\" ><div id=\"pgc-6661-5-0\"  class=\"panel-grid-cell\" ><div id=\"panel-6661-5-0-0\" class=\"so-panel widget widget_wpa9-editor-ext panel-first-child panel-last-child\" data-index=\"7\" ><div\n\t\t\t\n\t\t\tclass=\"so-widget-wpa9-editor-ext so-widget-wpa9-editor-ext-default-c93e1481a745-6661\"\n\t\t\t\n\t\t>\n<div class=\"siteorigin-widget-tinymce textwidget\">\n\t<h3 data-start=\"242\" data-end=\"285\">Mi\u00e9rt \u00e9rdemes az alkalmazottakat az MI ter\u00fclet\u00e9n k\u00e9pezni?<\/h3>\n<p data-start=\"287\" data-end=\"529\">A mesters\u00e9ges intelligencia megv\u00e1ltoztatja a munkav\u00e9gz\u00e9s m\u00f3dj\u00e1t \u2013 \u00e9s a v\u00e1ltoz\u00e1sok \u00fcteme egyre gyorsul. Azok a v\u00e1llalatok, amelyek felk\u00e9sz\u00edtik csapataikat erre a digit\u00e1lis \u00e1talakul\u00e1sra, d\u00f6nt\u0151 el\u0151nyh\u00f6z jutnak: nagyobb hat\u00e9konys\u00e1g, id\u0151megtakar\u00edt\u00e1s \u00e9s az \u00faj eszk\u00f6z\u00f6k jobb ismerete.<\/p>\n<p data-start=\"531\" data-end=\"576\">A mesters\u00e9ges intelligencia ter\u00fclet\u00e9n t\u00f6rt\u00e9n\u0151 oktat\u00e1si beruh\u00e1z\u00e1sok az al\u00e1bbi el\u0151ny\u00f6kkel j\u00e1rnak:<\/p>\n<ul data-start=\"578\" data-end=\"858\">\n<li data-start=\"578\" data-end=\"635\">\n<p data-start=\"580\" data-end=\"635\">a <strong data-start=\"580\" data-end=\"632\">rutin feladatok gyorsabb \u00e9s hat\u00e9konyabb elv\u00e9gz\u00e9se<\/strong>,<\/p>\n<\/li>\n<li data-start=\"636\" data-end=\"689\">\n<p data-start=\"638\" data-end=\"689\"><strong data-start=\"638\" data-end=\"686\">a digit\u00e1lis kompetenci\u00e1k fejleszt\u00e9se az eg\u00e9sz v\u00e1llalatn\u00e1l<\/strong>,<\/p>\n<\/li>\n<li data-start=\"690\" data-end=\"742\">\n<p data-start=\"692\" data-end=\"742\">a <strong data-start=\"692\" data-end=\"739\">munkav\u00e1llal\u00f3k nagyobb \u00f6n\u00e1ll\u00f3s\u00e1ga \u00e9s \u00f6nbizalma<\/strong>,<\/p>\n<\/li>\n<li data-start=\"743\" data-end=\"805\">\n<p data-start=\"745\" data-end=\"805\"><strong data-start=\"745\" data-end=\"802\">a modern technol\u00f3gi\u00e1k felel\u0151ss\u00e9gteljes \u00e9s biztons\u00e1gos haszn\u00e1lata<\/strong>,<\/p>\n<\/li>\n<li data-start=\"806\" data-end=\"858\">\n<p data-start=\"808\" data-end=\"858\"><strong data-start=\"808\" data-end=\"858\">versenyel\u0151ny az innovat\u00edv megk\u00f6zel\u00edt\u00e9snek k\u00f6sz\u00f6nhet\u0151en.<\/strong><\/p>\n<\/li>\n<\/ul>\n<p data-start=\"860\" data-end=\"1060\">Azok a munkav\u00e1llal\u00f3k, akik ismerik a mesters\u00e9ges intelligencia alapjait, jobban ki tudj\u00e1k akn\u00e1zni annak lehet\u0151s\u00e9geit, kritikus szemmel \u00e9rt\u00e9kelik az eredm\u00e9nyeket, \u00e9s akt\u00edvan \u00faj \u00f6tletekkel \u00e1llnak el\u0151. \u00c9s \u00e9ppen ez a kulcsa manaps\u00e1g a hat\u00e9konyabb csapatoknak \u00e9s az ellen\u00e1ll\u00f3bb v\u00e1llalatnak.<\/p>\n<\/div>\n<\/div><\/div><\/div><div id=\"pgc-6661-5-1\"  class=\"panel-grid-cell\" ><div id=\"panel-6661-5-1-0\" class=\"so-panel widget widget_wpa9-editor-ext panel-first-child panel-last-child\" data-index=\"8\" ><div\n\t\t\t\n\t\t\tclass=\"so-widget-wpa9-editor-ext so-widget-wpa9-editor-ext-default-c93e1481a745-6661\"\n\t\t\t\n\t\t>\n<div class=\"siteorigin-widget-tinymce textwidget\">\n\t<p><img loading=\"lazy\" decoding=\"async\" class=\"aligncenter wp-image-72002\" src=\"https:\/\/skrivanek.cz\/wp-content\/uploads\/2024\/09\/ai-brain-500x500-1.jpg\" alt=\"MI\" width=\"500\" height=\"500\"\/><\/p>\n<\/div>\n<\/div><\/div><\/div><\/div><\/div><div id=\"pg-6661-6\"  class=\"panel-grid panel-has-style\" ><div class=\"panel-row-padding-none panel-row-style panel-row-style-for-6661-6\" ><div id=\"pgc-6661-6-0\"  class=\"panel-grid-cell\" ><div id=\"panel-6661-6-0-0\" class=\"so-panel widget widget_wpa9-editor-ext panel-first-child panel-last-child\" data-index=\"9\" ><div\n\t\t\t\n\t\t\tclass=\"so-widget-wpa9-editor-ext so-widget-wpa9-editor-ext-default-c93e1481a745-6661\"\n\t\t\t\n\t\t>\n<div class=\"siteorigin-widget-tinymce textwidget\">\n\t<h3 data-start=\"761\" data-end=\"806\">Mit \u00e9rdemes magukkal hozni?<\/h3>\n<p data-start=\"761\" data-end=\"806\">A r\u00e9sztvev\u0151knek magukkal kell hozniuk a saj\u00e1t laptopjukat vagy t\u00e1blag\u00e9p\u00fcket.<\/p>\n<h3 data-start=\"208\" data-end=\"255\">Mit nyernek a r\u00e9sztvev\u0151k a tanfolyam elv\u00e9gz\u00e9s\u00e9vel<\/h3>\n<p data-start=\"257\" data-end=\"543\">A tanfolyam r\u00e9sztvev\u0151i \u00e1ttekint\u00e9st kapnak arr\u00f3l, hogy a mai mesters\u00e9ges intelligencia-eszk\u00f6z\u00f6k mire k\u00e9pesek val\u00f3j\u00e1ban, \u00e9s hogyan tudj\u00e1k azokat biztons\u00e1gosan \u00e9s hat\u00e9konyan felhaszn\u00e1lni a mindennapi munk\u00e1juk sor\u00e1n. Megtanulj\u00e1k felismerni azokat a helyzeteket, amikor c\u00e9lszer\u0171 az MI-t bevonni, helyesen megfogalmazni a feladatot (az \u00fagynevezett \u201eprompt\u201d-okat), valamint kritikus szemmel \u00e9rt\u00e9kelni az eszk\u00f6z\u00f6k kimeneti eredm\u00e9nyeit.<\/p>\n<p data-start=\"545\" data-end=\"566\">A tanfolyamr\u00f3l a k\u00f6vetkez\u0151ket viszik magukkal:<\/p>\n<div class=\"columns columns-2\" data-columns=\"2\">\n<div class=\"column column-1 column-wide\">\n<ul data-start=\"567\" data-end=\"911\">\n<li data-start=\"567\" data-end=\"645\">\n<p data-start=\"569\" data-end=\"645\">gyakorlati j\u00e1rtass\u00e1g olyan eszk\u00f6z\u00f6k haszn\u00e1lat\u00e1ban, mint a ChatGPT, a Copilot vagy a Gemini<\/p>\n<\/li>\n<li data-start=\"646\" data-end=\"702\">\n<p data-start=\"648\" data-end=\"702\">a rutinfeladatok automatiz\u00e1l\u00e1s\u00e1nak k\u00e9pess\u00e9ge \u00e9s az ezzel el\u00e9rhet\u0151 id\u0151megtakar\u00edt\u00e1s<\/p>\n<\/li>\n<li data-start=\"703\" data-end=\"772\">\n<p data-start=\"705\" data-end=\"772\">az MI biztons\u00e1gos \u00e9s felel\u0151ss\u00e9gteljes haszn\u00e1lat\u00e1nak alapelveinek ismerete<\/p>\n<\/li>\n<li data-start=\"773\" data-end=\"844\">\n<p data-start=\"775\" data-end=\"844\">biztos tud\u00e1s arr\u00f3l, hogyan lehet a mesters\u00e9ges intelligenci\u00e1t be\u00e9p\u00edteni a mindennapi munk\u00e1ba an\u00e9lk\u00fcl, hogy hib\u00e1kt\u00f3l vagy t\u00e9ved\u00e9sekt\u0151l kellene tartani<\/p>\n<\/li>\n<li data-start=\"845\" data-end=\"911\">\n<p data-start=\"847\" data-end=\"911\">\u00f6tletek a csapaton bel\u00fcli vagy oszt\u00e1lyok k\u00f6z\u00f6tti egy\u00fcttm\u0171k\u00f6d\u00e9s hat\u00e9konys\u00e1g\u00e1nak jav\u00edt\u00e1s\u00e1hoz<\/p>\n<\/li>\n<\/ul>\n<\/div>\n<div class=\"column column-2 column-narrow\">\n<p><img loading=\"lazy\" decoding=\"async\" class=\"wp-image-72023 alignnone\" src=\"https:\/\/skrivanek.cz\/wp-content\/uploads\/2024\/09\/ai-icon-02.png\" alt=\"ai\" width=\"64\" height=\"64\"\/><\/p>\n<\/div>\n<\/div>\n<p data-start=\"913\" data-end=\"1069\">A tanfolyam az irodai gyakorlatb\u00f3l sz\u00e1rmaz\u00f3 val\u00f3s p\u00e9ld\u00e1kra \u00e9p\u00fcl, \u00e9s a r\u00e9sztvev\u0151k mindent saj\u00e1t b\u0151r\u00fck\u00f6n tapasztalhatnak meg \u2013 l\u00e9p\u00e9sr\u0151l l\u00e9p\u00e9sre, nyom\u00e1s n\u00e9lk\u00fcl \u00e9s biztons\u00e1gos k\u00f6rnyezetben.<\/p>\n<h3>Az eredm\u00e9ny a k\u00f6vetkez\u0151 lesz:<\/h3>\n<ul>\n<li>Kevesebb munkaterhel\u00e9s \u00e9s&nbsp;t\u00f6bb id\u0151 a fontos feladatokra<\/li>\n<li>Azok az eszk\u00f6z\u00f6k, amelyeket m\u00e1r m\u00e1snap is haszn\u00e1lhat<\/li>\n<li>A mesters\u00e9ges intelligencia gyakorlati alkalmaz\u00e1sa technikai ismeretek n\u00e9lk\u00fcl<\/li>\n<\/ul>\n<p>&nbsp;<\/p>\n<h3 data-start=\"4361\" data-end=\"4393\"><\/h3>\n<h3 data-start=\"4361\" data-end=\"4393\">Mesters\u00e9ges intelligencia oktat\u00f3ink<\/h3>\n<div class=\"columns columns-2\" data-columns=\"2\">\n<div class=\"column column-1\">\n<h4><\/h4>\n<h4><img loading=\"lazy\" decoding=\"async\" class=\"aligncenter wp-image-79815\" src=\"https:\/\/skrivanek.cz\/wp-content\/uploads\/2026\/03\/ai-pravo-lektor-libor.jpg\" alt=\"MI oktat\u00f3, Libor\" width=\"250\" height=\"250\"\/><\/h4>\n<\/div>\n<div class=\"column column-2\">\n<h4>Libor \u0160uhajda<\/h4>\n<p>Fot\u00f3sk\u00e9nt \u00e9s grafikusk\u00e9nt az MI-t leny\u0171g\u00f6z\u0151 eszk\u00f6znek tartom, nem pedig az emberi kreativit\u00e1s helyettes\u00edt\u0151j\u00e9nek. Ennek k\u00f6sz\u00f6nhet\u0151en k\u00e9pes vagyok a h\u00e9tk\u00f6znapi dolgokb\u00f3l rendk\u00edv\u00fcli dolgokat teremteni, de mindig azzal a felt\u00e9tellel, hogy az ir\u00e1ny\u00edt\u00e1st az ember tartja a kez\u00e9ben. Gyakorlati munk\u00e1mban \u00e9s k\u00e9pz\u00e9seim sor\u00e1n is nagy hangs\u00falyt fektetek arra, hogy a elm\u00e9letet a lehet\u0151 legkisebb m\u00e9rt\u00e9kre korl\u00e1tozzam, \u00e9s a lehet\u0151 legt\u00f6bbet gyakoroljuk az eszk\u00f6z\u00f6k haszn\u00e1lat\u00e1t k\u00f6zvetlen\u00fcl az \u00d6n\u00f6k projektjein. Megtan\u00edtom \u00d6n\u00f6ket arra, hogyan lehet hat\u00e9konyan ir\u00e1ny\u00edtani a mesters\u00e9ges intelligenci\u00e1t, \u00e9s kritikus szemmel ellen\u0151rizni annak eredm\u00e9nyeit, hogy az \u00d6n\u00f6k hat\u00e9kony seg\u00e9dj\u00e9v\u00e9 v\u00e1ljon. A professzion\u00e1lis eredm\u00e9nyhez ugyanis tov\u00e1bbra is szak\u00e9rt\u0151i szemre \u00e9s \u00e9rz\u00e9kre van sz\u00fcks\u00e9g.<\/p>\n<p>Ha \u00e9ppen nincs a kezemben a f\u00e9nyk\u00e9pez\u0151g\u00e9p, legsz\u00edvesebben a kutyas\u00e9t\u00e1ltat\u00e1s k\u00f6zben t\u00f6lt\u00f6m fel az akkumul\u00e1torokat.<\/p>\n<\/div>\n<\/div>\n<div class=\"columns columns-2\" data-columns=\"2\">\n<div class=\"column column-1 column-wide\">\n<h4>Marek Frick<\/h4>\n<p>Marek k\u00e9t \u00e9ve foglalkozik a mesters\u00e9ges intelligenci\u00e1val, \u00e9s els\u0151sorban olyan eszk\u00f6z\u00f6k gyakorlati alkalmaz\u00e1s\u00e1ra \u00f6sszpontos\u00edt, mint a ChatGPT, a Sora, a Gemini vagy a Perplexity, mind az \u00fczleti \u00e9letben, a sz\u00f6veg\u00edr\u00e1sban \u00e9s az automatiz\u00e1l\u00e1sban, mind pedig a mag\u00e1n\u00e9let\u00e9ben. Technol\u00f3giai alapjait a Csehorsz\u00e1gi M\u0171szaki Egyetem Informatikai Kar\u00e1n szerezte, ahol tanult, \u00e9s ismereteit \u00f6nk\u00e9pz\u00e9ssel \u00e9s gyakorlati tapasztalatokkal folyamatosan b\u0151v\u00edti.<\/p>\n<p>Az MI-t mind \u00fczleti tev\u00e9kenys\u00e9g\u00e9ben, mind pedig k\u00e9pz\u00e9sek sor\u00e1n alkalmazza, p\u00e9ld\u00e1ul a Pardubice-i Tartom\u00e1nyi Hivatal sz\u00e1m\u00e1ra, illetve a Skrivanek nyelviskola keret\u00e9ben. Gazdag oktat\u00f3i tapasztalattal rendelkezik nemcsak a mesters\u00e9ges intelligencia ter\u00fclet\u00e9n, hanem az eg\u00e9szs\u00e9ges t\u00e1pl\u00e1lkoz\u00e1s \u00e9s a p\u00e9nz\u00fcgyek ter\u00fclet\u00e9n is.<\/p>\n<p>Tanfolyamai egyszer\u0171s\u00e9g\u00fckr\u0151l, \u00e9rthet\u0151s\u00e9g\u00fckr\u0151l, j\u00e1t\u00e9koss\u00e1gukr\u00f3l \u00e9s humorukr\u00f3l ismertek, ugyanakkor Marek nagy hangs\u00falyt fektet a professzionalizmusra \u00e9s a legfontosabb inform\u00e1ci\u00f3k \u00e1tad\u00e1s\u00e1ra. \u00dagy v\u00e9li, hogy \u201ea mesters\u00e9ges intelligencia j\u00f3 szolga, de rossz \u00far\u201d, \u00e9s megtan\u00edtja a r\u00e9sztvev\u0151ket arra, hogyan lehet azt okosan \u00e9s biztons\u00e1gosan be\u00e9p\u00edteni a mindennapi gyakorlatba.<\/p>\n<p>Szabadidej\u00e9ben \u00e9rdekl\u0151dik a technol\u00f3gia, a fot\u00f3z\u00e1s, a t\u00e1rsasj\u00e1t\u00e9kok, a sport, a j\u00f3ga, a t\u00f6rt\u00e9nelem, a t\u00far\u00e1z\u00e1s \u00e9s a pszichol\u00f3gia ir\u00e1nt. \u00c9s sz\u00edvesen k\u00e9rdezi: <em>\u201eTe ir\u00e1ny\u00edtod az elm\u00e9det (MI), vagy az ir\u00e1ny\u00edt t\u00e9ged?\u201d<\/em><\/p>\n<\/div>\n<div class=\"column column-2 column-narrow\">\n<p>&nbsp;<\/p>\n<p><img loading=\"lazy\" decoding=\"async\" class=\"aligncenter wp-image-78019\" src=\"https:\/\/skrivanek.cz\/wp-content\/uploads\/2025\/09\/marek-frick-lektor-ai.jpg\" alt=\"Marek Frick \u2013 mesters\u00e9ges intelligencia k\u00e9pz\u00e9s oktat\u00f3\" width=\"300\" height=\"300\"\/><\/p>\n<\/div>\n<\/div>\n<p>&nbsp;<\/p>\n<div class=\"columns columns-2\" data-columns=\"2\">\n<div class=\"column column-1 column-narrow\">\n<p>&nbsp;<\/p>\n<p><img loading=\"lazy\" decoding=\"async\" class=\"aligncenter wp-image-78027\" src=\"https:\/\/skrivanek.cz\/wp-content\/uploads\/2025\/09\/jana-rebounova-lektor-ai.jpg\" alt=\"Jana \u0158ebounov\u00e1 \u2013 az MI-tanfolyam oktat\u00f3ja\" width=\"300\" height=\"300\"\/><\/p>\n<\/div>\n<div class=\"column column-2 column-wide\">\n<h4>Jana \u0158ebounov\u00e1<\/h4>\n<p>Az MI-t \u00e9s a modern technol\u00f3gi\u00e1kat a hat\u00e9konyabb oktat\u00e1s \u00e9s munka kulcs\u00e1nak tartom. A Skrivanekn\u00e9l olyan k\u00e9pz\u00e9seket tartok, amelyek a gyakorlati mesters\u00e9ges intelligencia-k\u00e9szs\u00e9gek fejleszt\u00e9s\u00e9re ir\u00e1nyulnak, \u00e9s seg\u00edtenek a r\u00e9sztvev\u0151knek abban, hogy magabiztosan megbirk\u00f3zzanak a digit\u00e1lis kih\u00edv\u00e1sokkal, \u00e9s szakm\u00e1jukban teljes m\u00e9rt\u00e9kben kihaszn\u00e1lj\u00e1k a mesters\u00e9ges intelligencia adta lehet\u0151s\u00e9geket. T\u00f6bb mint 15 \u00e9ves pedag\u00f3giai \u00e9s oktat\u00f3i gyakorlatra, csapatvezet\u00e9si tapasztalatokra, valamint szem\u00e9lyre szabott oktat\u00e1si programok kidolgoz\u00e1s\u00e1ra t\u00e1maszkodom.<\/p>\n<p>Az oktat\u00e1s sor\u00e1n a k\u00f6nnyen \u00e9rthet\u0151 magyar\u00e1zatokat gyakorlati bemutat\u00f3kkal \u00e9s szem\u00e9lyre szabott megk\u00f6zel\u00edt\u00e9ssel \u00f6tv\u00f6z\u00f6m, hogy minden r\u00e9sztvev\u0151 olyan konkr\u00e9t k\u00e9szs\u00e9gekkel t\u00e1vozzon, amelyeket a mindennapi gyakorlatban is hasznos\u00edtani tud. A tov\u00e1bbk\u00e9pz\u00e9s ir\u00e1ny\u00edt\u00e1sa ter\u00e9n szerzett szakmai k\u00e9pes\u00edt\u00e9semnek k\u00f6sz\u00f6nhet\u0151en k\u00e9pes vagyok a csoport ig\u00e9nyeinek pontosan megfelel\u0151 tanfolyamokat kidolgozni, \u00e9s biztos\u00edtani, hogy az \u00faj ismeretek val\u00f3di hat\u00e1st gyakoroljanak.<\/p>\n<p>Az MI-vel kapcsolatos ismereteim mellett el\u0151ad\u00e1sokat tartok az iskolai zaklat\u00e1s megel\u0151z\u00e9s\u00e9r\u0151l \u00e9s kezel\u00e9s\u00e9r\u0151l, valamint a modern oktat\u00e1si m\u00f3dszerekr\u0151l is, amelyek hossz\u00fa \u00e9vekre visszany\u00fal\u00f3 pedag\u00f3giai gyakorlatomon \u00e9s speci\u00e1lis k\u00e9pz\u00e9seimen alapulnak.<\/p>\n<p>Hiszem, hogy az oktat\u00e1snak \u00f6szt\u00f6nz\u0151nek, gyakorlatiasnak \u00e9s az \u00d6n c\u00e9ljaihoz igazod\u00f3nak kell lennie. \u00d6r\u00f6mmel kalauzolom \u00d6n\u00f6ket az \u00faj technol\u00f3gi\u00e1k \u00e9s a modern oktat\u00e1s vil\u00e1g\u00e1ban \u2013 figyelembe v\u00e9ve az \u00d6n\u00f6k ig\u00e9nyeit, \u00e9s hangs\u00falyt fektetve arra, hogy ez val\u00f3di hasznot hozzon a gyakorlati munk\u00e1jukhoz.<\/p>\n<\/div>\n<\/div>\n<div class=\"columns columns-2\" data-columns=\"2\">\n<div class=\"column column-1 column-wide\">\n<h4>Aneta Hanouskov\u00e1<\/h4>\n<p class=\"gmail-p1\">Aneta vagyok, francia nyelvtan\u00e1r \u00e9s a modern technol\u00f3gi\u00e1k rajong\u00f3ja. Jelenleg a mesters\u00e9ges intelligencia ter\u00e9n foly\u00f3 k\u00e9pz\u00e9sekkel \u00e9s annak gyakorlati alkalmaz\u00e1s\u00e1val foglalkozom. Szeretek \u00faj eszk\u00f6z\u00f6ket kipr\u00f3b\u00e1lni, tesztelni a lehet\u0151s\u00e9geiket, \u00e9s olyan megold\u00e1sokat keresni, amelyek megk\u00f6nny\u00edtik az emberek munk\u00e1j\u00e1t \u00e9s mindennapi \u00e9let\u00e9t. T\u00f6bb mint \u00f6t \u00e9v tapasztalatom van az online oktat\u00e1sban \u00e9s a tud\u00e1s\u00e1tad\u00e1sban, ennek k\u00f6sz\u00f6nhet\u0151en a bonyolult dolgokat is egyszer\u0171en \u00e9s \u00e9rthet\u0151en tudom elmagyar\u00e1zni.<\/p>\n<p class=\"gmail-p2\">A k\u00e9pz\u00e9sek sor\u00e1n a kommunik\u00e1ci\u00f3ra \u00e9s a r\u00e9sztvev\u0151k akt\u00edv bevon\u00e1s\u00e1ra helyezem a hangs\u00falyt. Minden tanfolyamot az adott csoport ig\u00e9nyeihez igaz\u00edtok \u2013 az MI-val val\u00f3 els\u0151 l\u00e9p\u00e9sekt\u0151l kezdve eg\u00e9szen a hat\u00e9kony munkav\u00e9gz\u00e9shez sz\u00fcks\u00e9ges halad\u00f3 tippekig. Hiszem, hogy a meg\u00e9rt\u00e9shez vezet\u0151 legjobb \u00fat az, ha k\u00e9rd\u00e9seket tesz\u00fcnk fel, k\u00eds\u00e9rletez\u00fcnk \u00e9s felfedez\u00fcnk.<\/p>\n<p class=\"gmail-p2\">A k\u00e9pz\u00e9sen t\u00falmen\u0151en seg\u00edtek az embereknek abban, hogy konkr\u00e9t m\u00f3dszereket tal\u00e1ljanak az MI be\u00e9p\u00edt\u00e9s\u00e9re a mindennapi munk\u00e1jukba \u2013 legyen sz\u00f3 a rutinfeladatok automatiz\u00e1l\u00e1s\u00e1r\u00f3l, tartalomk\u00e9sz\u00edt\u00e9sr\u0151l vagy a csapaton bel\u00fcli kommunik\u00e1ci\u00f3 hat\u00e9konyabb\u00e1 t\u00e9tel\u00e9r\u0151l. Az a c\u00e9lom, hogy a k\u00e9pz\u00e9s ut\u00e1n ne csak tudj\u00e1tok, mire k\u00e9pes a mesters\u00e9ges intelligencia, hanem azt val\u00f3ban a saj\u00e1t hasznotokra is tudj\u00e1tok ford\u00edtani.<\/p>\n<\/div>\n<div class=\"column column-2 column-narrow\">\n<p>&nbsp;<\/p>\n<p><img loading=\"lazy\" decoding=\"async\" class=\"aligncenter wp-image-78484\" src=\"https:\/\/skrivanek.cz\/wp-content\/uploads\/2025\/10\/aneta-hanouskova.jpg\" alt=\"Aneta Hanouskov\u00e1 \u2013 az MI-tanfolyam oktat\u00f3ja\" width=\"300\" height=\"300\"\/><\/p>\n<\/div>\n<\/div>\n<div class=\"columns columns-2\" data-columns=\"2\">\n<div class=\"column column-1 column-narrow\">\n<p>&nbsp;<\/p>\n<p><img loading=\"lazy\" decoding=\"async\" class=\"alignnone size-full wp-image-80332\" src=\"https:\/\/skrivanek.cz\/wp-content\/uploads\/2026\/03\/ai-pravo-lektor-marketa.jpg\" alt=\"MI oktat\u00f3, Mark\u00e9ta\" width=\"300\" height=\"300\"\/><\/p>\n<\/div>\n<div class=\"column column-2 column-wide\">\n<h4>Mark\u00e9ta Va\u0148ousov\u00e1<\/h4>\n<p>Mark\u00e9ta nyelvtan\u00e1r, \u00e9s lelkes t\u00e1mogat\u00f3ja a mesters\u00e9ges intelligencia gyakorlati alkalmaz\u00e1s\u00e1nak az oktat\u00e1sban. T\u00f6bb mint m\u00e1sf\u00e9l \u00e9ve intenz\u00edven foglalkozik a mesters\u00e9ges intelligenci\u00e1val, \u00e9s els\u0151sorban kreat\u00edv tananyagok, illusztr\u00e1ci\u00f3k, t\u00f6rt\u00e9netek, valamint a modern online oktat\u00e1shoz sz\u00fcks\u00e9ges kieg\u00e9sz\u00edt\u0151k k\u00e9sz\u00edt\u00e9s\u00e9hez haszn\u00e1lja azt. Munk\u00e1j\u00e1ban \u00f6tv\u00f6zi a technol\u00f3gi\u00e1t, a kreativit\u00e1st \u00e9s a pedag\u00f3giai gyakorlatot.<\/p>\n<p>Angolul, n\u00e9met\u00fcl \u00e9s cseh\u00fcl tan\u00edt k\u00fclf\u00f6ldieknek, \u00e9s r\u00e9g\u00f3ta egy\u00fcttm\u0171k\u00f6dik els\u0151sorban cseh \u00e9s nemzetk\u00f6zi v\u00e1llalatok vezet\u0151ivel \u00e9s fels\u0151vezet\u0151ivel. Emellett tapasztalata van gyermekek \u00e9s tin\u00e9dzserek oktat\u00e1s\u00e1ban, valamint nyilv\u00e1nos tanfolyamok vezet\u00e9s\u00e9ben is. A v\u00e1llalatokn\u00e1l szerzett gyakorlati tapasztalatai r\u00e9v\u00e9n j\u00f3l ismeri az \u00fczleti k\u00f6rnyezetet, \u00e9s k\u00e9pes az oktat\u00e1st, valamint a mesters\u00e9ges intelligenci\u00e1val val\u00f3 munk\u00e1t az \u00fcgyfelek val\u00f3s ig\u00e9nyeihez igaz\u00edtani.<\/p>\n<p>A k\u00e9pz\u00e9seken p\u00e9ld\u00e1ul bemutatja a ChatGPT, a Copilot \u00e9s az Otter eszk\u00f6z\u00f6ket, \u00e9s megmutatja, hogyan lehet azokat felhaszn\u00e1lni a tanul\u00e1s, a munka \u00e9s a mindennapi \u00e9let sor\u00e1n. St\u00edlusa \u00e9rthet\u0151, gyakorlatias, \u00e9s tele van inspir\u00e1l\u00f3 p\u00e9ld\u00e1kkal, vide\u00f3kkal \u00e9s kreat\u00edv feladatokkal.<\/p>\n<p>A technol\u00f3gia mellett szeret t\u00e1ncolni (kubai salsa), utazni, rajzolni, lovagolni \u00e9s kuty\u00e1s ter\u00e1pi\u00e1val foglalkozni. Folyamatosan tov\u00e1bbk\u00e9pzi mag\u00e1t szakmai m\u0171helyeken \u00e9s konferenci\u00e1kon, hogy di\u00e1kjainak a modern nyelvoktat\u00e1s \u00e9s a vil\u00e1g legjav\u00e1t ny\u00fajthassa.<\/p>\n<p>A mott\u00f3ja a k\u00f6vetkez\u0151:<em> \u201eA nyelvek \u00e9s a technol\u00f3gi\u00e1k megnyitj\u00e1k el\u0151tt\u00fcnk a vil\u00e1got. \u201eCsak annyi kell, hogy legyen b\u00e1tors\u00e1gunk megtenni az els\u0151 l\u00e9p\u00e9st.\u201d<\/em><\/p>\n<\/div>\n<\/div>\n<\/div>\n<\/div><\/div><\/div><\/div><\/div><div id=\"pg-6661-7\"  class=\"panel-grid panel-no-style\" ><div id=\"pgc-6661-7-0\"  class=\"panel-grid-cell\" ><div id=\"panel-6661-7-0-0\" class=\"so-panel widget widget_wpa9-accordion panel-first-child panel-last-child\" data-index=\"10\" ><div\n\t\t\t\n\t\t\tclass=\"so-widget-wpa9-accordion so-widget-wpa9-accordion-default-c93e1481a745-6661\"\n\t\t\t\n\t\t><h3 class=\"widget-title\">GYIK \u2013 A \u201eMesters\u00e9ges intelligencia v\u00e1llalatok sz\u00e1m\u00e1ra\u201d tanfolyammal kapcsolatos leggyakrabban feltett k\u00e9rd\u00e9sek<\/h3><div class=\"wpa9-accordion\">\n\t<div class=\"wpa9-accordion-panel\" id=\"wpa9-accordion-panel-melyek-a-kepzes-legfobb-elonyei\">\n\n\t\t<div class=\"wpa9-accordion-toggler d-flex\" data-panel=\"melyek-a-kepzes-legfobb-elonyei\" role=\"button\" aria-controls=\"wpa9-accordion-panel-melyek-a-kepzes-legfobb-elonyei\" aria-expanded=\"false\">\n\n\t\t\t<div class=\"wpa9-accordion-icon wpa9-accordion-icon-open\"><\/div>\n\n\t\t\t<div class=\"wpa9-accordion-title\">Melyek a k\u00e9pz\u00e9s legf\u0151bb el\u0151nyei?<\/div>\n\n\t\t<\/div>\n\n\t\t<div class=\"wpa9-accordion-content\" role=\"region\">\n\t\t\t<ul>\n<li data-start=\"1001\" data-end=\"1042\">\n<p data-start=\"1003\" data-end=\"1042\"><span class=\"relative -mx-px my-[-0.2rem] rounded px-px py-[0.2rem] transition-colors duration-100 ease-in-out\"><strong data-start=\"0\" data-end=\"28\" data-is-only-node=\"\">Azonnali gyakorlati alkalmaz\u00e1s<\/strong> \u2013 konkr\u00e9t irodai helyzetek.<\/span><\/p>\n<\/li>\n<li data-start=\"1043\" data-end=\"1084\">\n<p data-start=\"1045\" data-end=\"1084\"><span class=\"relative -mx-px my-[-0.2rem] rounded px-px py-[0.2rem] transition-colors duration-100 ease-in-out\"><strong data-start=\"0\" data-end=\"31\" data-is-only-node=\"\">Kezd\u0151k sz\u00e1m\u00e1ra is \u00e9rthet\u0151<\/strong> \u2013 minden l\u00e9p\u00e9sr\u0151l \u00e9rthet\u0151en, l\u00e9p\u00e9sr\u0151l l\u00e9p\u00e9sre elmagyar\u00e1zva.<\/span><\/p>\n<\/li>\n<li data-start=\"1085\" data-end=\"1126\">\n<p data-start=\"1087\" data-end=\"1126\"><span class=\"relative -mx-px my-[-0.2rem] rounded px-px py-[0.2rem] transition-colors duration-100 ease-in-out\"><strong data-start=\"0\" data-end=\"15\" data-is-only-node=\"\">Id\u0151megtakar\u00edt\u00e1s<\/strong> az intelligens eszk\u00f6z\u00f6k haszn\u00e1lat\u00e1val.<\/span><\/p>\n<\/li>\n<li data-start=\"1127\" data-end=\"1168\">\n<p data-start=\"1129\" data-end=\"1168\"><span class=\"relative -mx-px my-[-0.2rem] rounded px-px py-[0.2rem] transition-colors duration-100 ease-in-out\"><strong data-start=\"0\" data-end=\"50\" data-is-only-node=\"\">A mesters\u00e9ges intelligencia biztons\u00e1gos \u00e9s felel\u0151ss\u00e9gteljes haszn\u00e1lat\u00e1ra val\u00f3 \u00f6sszpontos\u00edt\u00e1s<\/strong>.<\/span><\/p>\n<\/li>\n<li data-start=\"1169\" data-end=\"1251\">\n<p data-start=\"1171\" data-end=\"1251\"><span class=\"relative -mx-px my-[-0.2rem] rounded px-px py-[0.2rem] transition-colors duration-100 ease-in-out\"><strong data-start=\"0\" data-end=\"43\" data-is-only-node=\"\">Interakt\u00edv tanfolyam, ahol tapasztalt oktat\u00f3k<\/strong> v\u00e1laszolnak a k\u00e9rd\u00e9seidre \u00e9s igazodnak a tanul\u00e1s temp\u00f3j\u00e1hoz.<\/span><\/p>\n<\/li>\n<\/ul>\n\t\t<\/div>\n\n\t<\/div>\n\t<div class=\"wpa9-accordion-panel\" id=\"wpa9-accordion-panel-hogyan-jarul-hozza-a-tanfolyam-a-munkavallalok-es-a-vallalat-fejlodesehez\">\n\n\t\t<div class=\"wpa9-accordion-toggler d-flex\" data-panel=\"hogyan-jarul-hozza-a-tanfolyam-a-munkavallalok-es-a-vallalat-fejlodesehez\" role=\"button\" aria-controls=\"wpa9-accordion-panel-hogyan-jarul-hozza-a-tanfolyam-a-munkavallalok-es-a-vallalat-fejlodesehez\" aria-expanded=\"false\">\n\n\t\t\t<div class=\"wpa9-accordion-icon wpa9-accordion-icon-open\"><\/div>\n\n\t\t\t<div class=\"wpa9-accordion-title\">Hogyan j\u00e1rul hozz\u00e1 a tanfolyam a munkav\u00e1llal\u00f3k \u00e9s a v\u00e1llalat fejl\u0151d\u00e9s\u00e9hez?<\/div>\n\n\t\t<\/div>\n\n\t\t<div class=\"wpa9-accordion-content\" role=\"region\">\n\t\t\t<p>Seg\u00edt id\u0151t megtakar\u00edtani, fejleszteni a digit\u00e1lis kompetenci\u00e1kat, el\u0151seg\u00edteni a munkav\u00e1llal\u00f3k \u00f6n\u00e1ll\u00f3s\u00e1g\u00e1t, valamint er\u0151s\u00edteni a technol\u00f3gi\u00e1k biztons\u00e1gos haszn\u00e1lat\u00e1t \u2013 ami nagyobb hat\u00e9konys\u00e1ghoz, innov\u00e1ci\u00f3hoz \u00e9s versenyel\u0151nyh\u00f6z vezet.<\/p>\n\t\t<\/div>\n\n\t<\/div>\n\t<div class=\"wpa9-accordion-panel\" id=\"wpa9-accordion-panel-hogyan-lehet-jelentkezni-a-tanfolyamra-es-mennyibe-kerul\">\n\n\t\t<div class=\"wpa9-accordion-toggler d-flex\" data-panel=\"hogyan-lehet-jelentkezni-a-tanfolyamra-es-mennyibe-kerul\" role=\"button\" aria-controls=\"wpa9-accordion-panel-hogyan-lehet-jelentkezni-a-tanfolyamra-es-mennyibe-kerul\" aria-expanded=\"false\">\n\n\t\t\t<div class=\"wpa9-accordion-icon wpa9-accordion-icon-open\"><\/div>\n\n\t\t\t<div class=\"wpa9-accordion-title\">Hogyan lehet jelentkezni a tanfolyamra, \u00e9s mennyibe ker\u00fcl?<\/div>\n\n\t\t<\/div>\n\n\t\t<div class=\"wpa9-accordion-content\" role=\"region\">\n\t\t\t<p><span class=\"relative -mx-px my-[-0.2rem] rounded px-px py-[0.2rem] transition-colors duration-100 ease-in-out\">Az \u00e1r egyedi, \u00e9s a k\u00e9pz\u00e9s id\u0151tartam\u00e1t\u00f3l, valamint form\u00e1j\u00e1t\u00f3l f\u00fcgg. Forduljon hozz\u00e1nk konkr\u00e9t ig\u00e9nyeivel, \u00e9s mi elk\u00e9sz\u00edtj\u00fck a v\u00e1llalata ig\u00e9nyeihez szabott aj\u00e1nlatot.<\/span><\/p>\n\t\t<\/div>\n\n\t<\/div>\n\t<div class=\"wpa9-accordion-panel\" id=\"wpa9-accordion-panel-milyen-szakmai-kepesitessel-rendelkeznek-az-oktatok\">\n\n\t\t<div class=\"wpa9-accordion-toggler d-flex\" data-panel=\"milyen-szakmai-kepesitessel-rendelkeznek-az-oktatok\" role=\"button\" aria-controls=\"wpa9-accordion-panel-milyen-szakmai-kepesitessel-rendelkeznek-az-oktatok\" aria-expanded=\"false\">\n\n\t\t\t<div class=\"wpa9-accordion-icon wpa9-accordion-icon-open\"><\/div>\n\n\t\t\t<div class=\"wpa9-accordion-title\">Milyen szakmai k\u00e9pes\u00edt\u00e9ssel rendelkeznek az oktat\u00f3k?<\/div>\n\n\t\t<\/div>\n\n\t\t<div class=\"wpa9-accordion-content\" role=\"region\">\n\t\t\t<p>Oktat\u00f3ink hossz\u00fa \u00e9vekre visszany\u00fal\u00f3 tapasztalattal rendelkeznek a v\u00e1llalati k\u00e9pz\u00e9sek ter\u00e9n, \u00e9s az MI gyakorlati alkalmaz\u00e1s\u00e1ra specializ\u00e1l\u00f3dtak. A technol\u00f3giai ismeretek mellett k\u00fcl\u00f6nb\u00f6z\u0151 \u00e1gazatokb\u00f3l sz\u00e1rmaz\u00f3 tapasztalatokat is hoznak magukkal \u2013 a HR-t\u0151l \u00e9s a marketingt\u0151l kezdve az adminisztr\u00e1ci\u00f3ig \u00e9s az \u00fczleti folyamatokig. Ennek k\u00f6sz\u00f6nhet\u0151en k\u00e9pesek a tanfolyam tartalm\u00e1t a v\u00e1llalatuk egyedi ig\u00e9nyeihez igaz\u00edtani.<\/p>\n\t\t<\/div>\n\n\t<\/div>\n\t<div class=\"wpa9-accordion-panel\" id=\"wpa9-accordion-panel-szukseges-e-elozetes-tapasztalat-az-mi-teruleten\">\n\n\t\t<div class=\"wpa9-accordion-toggler d-flex\" data-panel=\"szukseges-e-elozetes-tapasztalat-az-mi-teruleten\" role=\"button\" aria-controls=\"wpa9-accordion-panel-szukseges-e-elozetes-tapasztalat-az-mi-teruleten\" aria-expanded=\"false\">\n\n\t\t\t<div class=\"wpa9-accordion-icon wpa9-accordion-icon-open\"><\/div>\n\n\t\t\t<div class=\"wpa9-accordion-title\">Sz\u00fcks\u00e9ges-e el\u0151zetes tapasztalat az MI ter\u00fclet\u00e9n?<\/div>\n\n\t\t<\/div>\n\n\t\t<div class=\"wpa9-accordion-content\" role=\"region\">\n\t\t\tNem. A tanfolyamot \u00fagy tervezt\u00e9k, hogy a teljesen kezd\u0151k sz\u00e1m\u00e1ra is el\u00e9rhet\u0151 legyen. Mindent l\u00e9p\u00e9sr\u0151l l\u00e9p\u00e9sre elmagyar\u00e1zunk, k\u00fcl\u00f6n\u00f6s hangs\u00falyt fektetve az egyszer\u0171 \u00e9s azonnal alkalmazhat\u00f3 gyakorlati p\u00e9ld\u00e1kra. Ugyanakkor azonban olyan, fejlettebb v\u00e1ltozatot is tudunk k\u00e9sz\u00edteni azoknak a csapatoknak, amelyek m\u00e1r dolgoznak a mesters\u00e9ges intelligenci\u00e1val.\t\t<\/div>\n\n\t<\/div>\n\t<div class=\"wpa9-accordion-panel\" id=\"wpa9-accordion-panel-mekkora-letszamu-csapat-vehet-reszt-a-kepzesen\">\n\n\t\t<div class=\"wpa9-accordion-toggler d-flex\" data-panel=\"mekkora-letszamu-csapat-vehet-reszt-a-kepzesen\" role=\"button\" aria-controls=\"wpa9-accordion-panel-mekkora-letszamu-csapat-vehet-reszt-a-kepzesen\" aria-expanded=\"false\">\n\n\t\t\t<div class=\"wpa9-accordion-icon wpa9-accordion-icon-open\"><\/div>\n\n\t\t\t<div class=\"wpa9-accordion-title\">Mekkora l\u00e9tsz\u00e1m\u00fa csapat vehet r\u00e9szt a k\u00e9pz\u00e9sen?<\/div>\n\n\t\t<\/div>\n\n\t\t<div class=\"wpa9-accordion-content\" role=\"region\">\n\t\t\t<p>A csoport optim\u00e1lis l\u00e9tsz\u00e1ma legfeljebb 12 f\u0151, hogy biztos\u00edtva legyen az interaktivit\u00e1s \u00e9s az egy\u00e9ni konzult\u00e1ci\u00f3k lehet\u0151s\u00e9ge. Nagyobb csapatok eset\u00e9n a k\u00e9pz\u00e9st t\u00f6bb r\u00e9szre lehet felosztani.<\/p>\n\t\t<\/div>\n\n\t<\/div>\n\t<div class=\"wpa9-accordion-panel\" id=\"wpa9-accordion-panel-hogyan-oldjak-meg-a-mesterseges-intelligenciaval-valo-munka-biztonsagat\">\n\n\t\t<div class=\"wpa9-accordion-toggler d-flex\" data-panel=\"hogyan-oldjak-meg-a-mesterseges-intelligenciaval-valo-munka-biztonsagat\" role=\"button\" aria-controls=\"wpa9-accordion-panel-hogyan-oldjak-meg-a-mesterseges-intelligenciaval-valo-munka-biztonsagat\" aria-expanded=\"false\">\n\n\t\t\t<div class=\"wpa9-accordion-icon wpa9-accordion-icon-open\"><\/div>\n\n\t\t\t<div class=\"wpa9-accordion-title\">Hogyan oldj\u00e1k meg a mesters\u00e9ges intelligenci\u00e1val val\u00f3 munka biztons\u00e1g\u00e1t?<\/div>\n\n\t\t<\/div>\n\n\t\t<div class=\"wpa9-accordion-content\" role=\"region\">\n\t\t\t<p>A k\u00e9pz\u00e9s r\u00e9szek\u00e9nt az MI-eszk\u00f6z\u00f6k biztons\u00e1gos haszn\u00e1lat\u00e1val is foglalkozunk. Elmagyar\u00e1zzuk, hogyan kell kezelni az \u00e9rz\u00e9keny adatokat, mit kell elker\u00fclni, \u00e9s hogyan kell kialak\u00edtani a v\u00e1llalaton bel\u00fcli szab\u00e1lyokat a mesters\u00e9ges intelligencia felel\u0151ss\u00e9gteljes haszn\u00e1lat\u00e1ra vonatkoz\u00f3an.<\/p>\n\t\t<\/div>\n\n\t<\/div>\n<\/div>\n<\/div><\/div><\/div><\/div><div id=\"pg-6661-8\"  class=\"panel-grid panel-has-style\" ><div class=\"siteorigin-panels-stretch panel-row-padding-none panel-row-style panel-row-style-for-6661-8\" data-stretch-type=\"full\" ><div id=\"pgc-6661-8-0\"  class=\"panel-grid-cell\" ><div id=\"panel-6661-8-0-0\" class=\"so-panel widget widget_wpa9-card-s panel-first-child panel-last-child\" data-index=\"11\" ><div\n\t\t\t\n\t\t\tclass=\"so-widget-wpa9-card-s so-widget-wpa9-card-s-default-c93e1481a745-6661\"\n\t\t\t\n\t\t><div class=\"wpa9-card wpa9-card-s wide negative\">\n\n\t<div class=\"wpa9-card-wrapper container\">\n\n\t\t<div class=\"wpa9-card-text\">\n\t\t\t<h2 class=\"wpa9-card-title\">A mesters\u00e9ges intelligencia egyre ink\u00e1bb a munka mindennapi r\u00e9sz\u00e9v\u00e9 v\u00e1lik \u2013 k\u00e9sz\u00edtse fel a csapat\u00e1t!<\/h2>\n\t\t\t<div class=\"wpa9-card-content\"><p style=\"text-align: center\">Tan\u00edtsa meg alkalmazottait arra, hogy a mesters\u00e9ges intelligenci\u00e1t \u00e9rtelmesen, biztons\u00e1gosan \u00e9s \u00fagy haszn\u00e1lj\u00e1k, hogy az k\u00f6zvetlen hat\u00e1ssal legyen a mindennapi teljes\u00edtm\u00e9ny\u00fckre.<\/p>\n<\/div>\t\t<\/div>\n\n\t\t\t\t<div class=\"meta meta-buttons d-flex flex-row justify-content-center\">\n\t\t\t\t\t\t\t<a class=\"btn btn-negative \" href=\"https:\/\/skrivanek.cz\/cz\/poptavka-ai-kurz\/\" title=\"K\u00f6telezetts\u00e9g n\u00e9lk\u00fcli \u00e9rdekl\u0151d\u00e9s a tanfolyam ir\u00e1nt\">K\u00f6telezetts\u00e9g n\u00e9lk\u00fcli \u00e9rdekl\u0151d\u00e9s a tanfolyam ir\u00e1nt<\/a>\n\t\t\t\t<\/div>\n\t\t\n\t<\/div>\n\n<\/div>\n<\/div><\/div><\/div><\/div><\/div><\/div>","protected":false},"excerpt":{"rendered":"<p>Mire sz\u00e1m\u00edthatnak az \u201e&nbsp;mesters\u00e9ges intelligencia tanfolyamon? A mesters\u00e9ges intelligencia egyszer\u0171 alapjai R\u00f6vid ismertet\u00e9s arr\u00f3l, hogy mi is az a mesters\u00e9ges intelligencia (&nbsp;), \u00e9s hogyan lehet azt a&nbsp;mindennapi irodai gyakorlatban alkalmazni. P\u00e9ld\u00e1k olyan eszk\u00f6z\u00f6kre, amelyek val\u00f3ban seg\u00edtenek A ChatGPT, a Copilot, a Gemini, az&nbsp;\u00e9s m\u00e1sok \u2013 mire k\u00e9pesek, \u00e9s&nbsp;hogyan haszn\u00e1lhatja \u0151ket a munk\u00e1j\u00e1ban. Hogyan kell helyesen [&hellip;]<\/p>\n","protected":false},"author":1,"featured_media":0,"parent":6679,"menu_order":0,"comment_status":"closed","ping_status":"closed","template":"","meta":{"_acf_changed":false,"footnotes":""},"class_list":["post-6661","page","type-page","status-publish","hentry"],"acf":[],"_links":{"self":[{"href":"https:\/\/skrivanek.sk\/hu\/wp-json\/wp\/v2\/pages\/6661","targetHints":{"allow":["GET"]}}],"collection":[{"href":"https:\/\/skrivanek.sk\/hu\/wp-json\/wp\/v2\/pages"}],"about":[{"href":"https:\/\/skrivanek.sk\/hu\/wp-json\/wp\/v2\/types\/page"}],"author":[{"embeddable":true,"href":"https:\/\/skrivanek.sk\/hu\/wp-json\/wp\/v2\/users\/1"}],"replies":[{"embeddable":true,"href":"https:\/\/skrivanek.sk\/hu\/wp-json\/wp\/v2\/comments?post=6661"}],"version-history":[{"count":1,"href":"https:\/\/skrivanek.sk\/hu\/wp-json\/wp\/v2\/pages\/6661\/revisions"}],"predecessor-version":[{"id":6695,"href":"https:\/\/skrivanek.sk\/hu\/wp-json\/wp\/v2\/pages\/6661\/revisions\/6695"}],"up":[{"embeddable":true,"href":"https:\/\/skrivanek.sk\/hu\/wp-json\/wp\/v2\/pages\/6679"}],"wp:attachment":[{"href":"https:\/\/skrivanek.sk\/hu\/wp-json\/wp\/v2\/media?parent=6661"}],"curies":[{"name":"wp","href":"https:\/\/api.w.org\/{rel}","templated":true}]}}