{"id":6658,"date":"2026-09-04T07:44:15","date_gmt":"2026-09-04T05:44:15","guid":{"rendered":"https:\/\/skrivanek.sk\/mesterseges-intelligencia-es-jogi-kepzes\/"},"modified":"2026-09-04T07:44:21","modified_gmt":"2026-09-04T05:44:21","slug":"mesterseges-intelligencia-es-jogi-kepzes","status":"publish","type":"page","link":"https:\/\/skrivanek.sk\/hu\/mi\/mesterseges-intelligencia-es-jogi-kepzes\/","title":{"rendered":"Mesters\u00e9ges intelligencia \u00e9s jogi k\u00e9pz\u00e9s"},"content":{"rendered":"<div id=\"pl-6658\"  class=\"panel-layout\" ><div id=\"pg-6658-0\"  class=\"panel-grid panel-no-style\" ><div id=\"pgc-6658-0-0\"  class=\"panel-grid-cell\" ><div id=\"panel-6658-0-0-0\" class=\"so-panel widget widget_wpa9-editor-ext panel-first-child panel-last-child\" data-index=\"0\" ><div\n\t\t\t\n\t\t\tclass=\"so-widget-wpa9-editor-ext so-widget-wpa9-editor-ext-default-c93e1481a745-6658\"\n\t\t\t\n\t\t>\n<div class=\"siteorigin-widget-tinymce textwidget\">\n\t<h4><b>Az<\/b><b>&nbsp;AK Preegal-lal egy\u00fcttm\u0171k\u00f6d\u00e9sben szervezett speci\u00e1lis k\u00e9pz\u00e9s<\/b><\/h4>\n<h5><em>Az MI bevezet\u00e9se a v\u00e1llalatokba biztons\u00e1gosan \u00e9s&nbsp;(helyesen)<\/em><\/h5>\n<p data-start=\"900\" data-end=\"1237\">A mesters\u00e9ges intelligencia gyorsan a munkafolyamatok szerves r\u00e9sz\u00e9v\u00e9 v\u00e1lik \u2013 a marketingt\u0151l, a HR-t\u0151l \u00e9s az \u00fcgyf\u00e9lszolg\u00e1latt\u00f3l kezdve a menedzsmentig, az adatelemz\u00e9sig vagy a bels\u0151 kommunik\u00e1ci\u00f3ig. A lehet\u0151s\u00e9gek mellett azonban alapvet\u0151 k\u00e9rd\u00e9seket is felvet:<br data-start=\"1117\" data-end=\"1120\" \/><strong data-start=\"1120\" data-end=\"1237\">Mi sz\u00e1m\u00edt m\u00e9g leg\u00e1lisnak? Hogyan kell az adatokkal dolgozni? Milyen kock\u00e1zatokkal kell szemben\u00e9znie a v\u00e1llalatnak? \u00c9s hogyan k\u00e9sz\u00fclj\u00fcnk fel az MI-t\u00f6rv\u00e9nyre \u00e9s az egy\u00e9b szab\u00e1lyoz\u00e1sokra?<\/strong><\/p>\n<p data-start=\"1239\" data-end=\"1516\">\u00c9ppen ez\u00e9rt j\u00f6tt l\u00e9tre az <strong data-start=\"1267\" data-end=\"1281\">\u201eMI + jog\u201d<\/strong> c\u00edm\u0171 k\u00e9pz\u00e9s \u2013 amely egyed\u00fcl\u00e1ll\u00f3 m\u00f3don \u00f6tv\u00f6zi a mesters\u00e9ges intelligencia mindennapi gyakorlatban val\u00f3 alkalmaz\u00e1s\u00e1nak gyakorlati szemsz\u00f6g\u00e9t \u00e9s a szak\u00e9rt\u0151i jogi \u00e9rtelmez\u00e9st.<br data-start=\"1385\" data-end=\"1388\" \/>A tanfolyam <strong data-start=\"1414\" data-end=\"1427\">a Skrivanek<\/strong> (MI-k\u00e9pz\u00e9s \u00e9s gyakorlat) \u00e9s <strong data-start=\"1454\" data-end=\"1485\">a <a href=\"https:\/\/preegal.cz\/sluzby\/kurzy\/ai-do-firem\">Preegal<\/a>\u00fcgyv\u00e9di iroda<\/strong> (jog, szab\u00e1lyoz\u00e1s, megfelel\u00e9s) egy\u00fcttm\u0171k\u00f6d\u00e9s\u00e9ben j\u00f6tt l\u00e9tre.<\/p>\n<p data-start=\"1518\" data-end=\"1702\">A c\u00e9l nem az elm\u00e9let, hanem <strong data-start=\"1541\" data-end=\"1564\">a gyakorlati alkalmazhat\u00f3s\u00e1g<\/strong>:<br data-start=\"1565\" data-end=\"1568\" \/>hogy a k\u00e9pz\u00e9s ut\u00e1n pontosan tudj\u00e1k, <strong data-start=\"1601\" data-end=\"1702\">hogyan kell haszn\u00e1lni a mesters\u00e9ges intelligenci\u00e1t, mire kell figyelni, \u00e9s hogyan kell be\u00e1ll\u00edtani a folyamatokat \u00fagy, hogy azok m\u0171k\u00f6d\u0151k\u00e9pesek \u00e9s jogilag is biztons\u00e1gosak legyenek.<\/strong><\/p>\n<\/div>\n<\/div><\/div><\/div><\/div><div id=\"pg-6658-1\"  class=\"panel-grid panel-has-style\" ><div class=\"siteorigin-panels-stretch panel-row-padding-none panel-row-style panel-row-style-for-6658-1\" data-stretch-type=\"full\" ><div id=\"pgc-6658-1-0\"  class=\"panel-grid-cell\" ><div id=\"panel-6658-1-0-0\" class=\"so-panel widget widget_wpa9-card-l panel-first-child panel-last-child\" data-index=\"1\" ><div\n\t\t\t\n\t\t\tclass=\"so-widget-wpa9-card-l so-widget-wpa9-card-l-default-c93e1481a745-6658\"\n\t\t\t\n\t\t>\n\n<div class=\"wpa9-card wpa9-card-l-container d-flex flex-wrap wpa9-columns-2\">\n\n\t\n\t\t\n\t<div class=\"wpa9-card-l-panel wpa9-panel shadow rounded d-flex flex-column justify-content-between\">\n\n\t\t<div>\n\t\t\t\t\n\t\t\t\t\t\t\t\t<h2 class=\"wpa9-panel-title\">A tanfolyam r\u00e9szletei<\/h2>\n\t\t\n\t\t\t\t\t\t\t<div class=\"wpa9-panel-content\"><ul>\n<li data-start=\"1757\" data-end=\"1786\"><strong data-start=\"1757\" data-end=\"1776\">A k\u00e9pz\u00e9s id\u0151tartama:<\/strong>&nbsp;6 \u00f3ra (\u00e1ltal\u00e1nos r\u00e9sz: 2 \u00f3ra, gyakorlati r\u00e9sz: 2 \u00f3ra, jogi r\u00e9sz: 2 \u00f3ra)<\/li>\n<li data-start=\"1789\" data-end=\"1826\"><strong data-start=\"1789\" data-end=\"1799\">Form\u00e1tum:<\/strong>&nbsp;szem\u00e9lyes r\u00e9szv\u00e9tellel (Pr\u00e1ga \/ Brno)<\/li>\n<li data-start=\"1829\" data-end=\"1907\"><strong data-start=\"1829\" data-end=\"1849\">A r\u00e9sztvev\u0151k sz\u00e1ma:<\/strong> 8\u201311 f\u0151 (kis csoport = lehet\u0151s\u00e9g k\u00e9rd\u00e9sekre \u00e9s besz\u00e9lget\u00e9sre)<\/li>\n<li data-start=\"1910\" data-end=\"1938\"><strong data-start=\"1910\" data-end=\"1919\">\u00c1r:<\/strong> 4 990 CZK (\u00e1f\u00e1val egy\u00fctt) \/ f\u0151<\/li>\n<li data-start=\"1941\" data-end=\"2006\"><strong data-start=\"1941\" data-end=\"1953\">El\u0151ad\u00f3k:<\/strong>&nbsp;a Skrivanek c\u00e9g mesters\u00e9ges intelligencia szak\u00e9rt\u0151i + \u00fcgyv\u00e9dek a&nbsp;weboldalr\u00f3l \u00e9s az AK Preegal \u00fcgyv\u00e9di irod\u00e1b\u00f3l<\/li>\n<li data-start=\"1941\" data-end=\"2006\"><strong>Friss\u00edt\u0151k<\/strong> biztos\u00edtva<\/li>\n<li data-start=\"1941\" data-end=\"2006\"><strong>Mit kell hozni<\/strong>: a r\u00e9sztvev\u0151knek saj\u00e1t laptopot vagy t\u00e1blag\u00e9pet kell hozniuk<\/li>\n<\/ul>\n<\/div>\n\t\t\t\t<\/div>\n\n\t\t\n\t<\/div>\n\n\t\t\n\t<div class=\"wpa9-card-l-panel wpa9-panel shadow rounded d-flex flex-column justify-content-between\">\n\n\t\t<div>\n\t\t\t\t\t\t\t<span class=\"wpa9-panel-icon icon\" style=\"display: none; background-image: url('https:\/\/skrivanek.sk\/wp-content\/uploads\/2021\/03\/technologie.jpg')\"><\/span>\n\t\t\t<span class=\"wpa9-panel-icon icon\" style=\"mask-image: url(https:\/\/skrivanek.sk\/wp-content\/uploads\/2021\/03\/technologie-948x470.jpg); -webkit-mask-image: url(https:\/\/skrivanek.sk\/wp-content\/uploads\/2021\/03\/technologie-948x470.jpg);\"><\/span>\n\t\t\n\t\t\t\t\t\t\t\t<h2 class=\"wpa9-panel-title\">Id\u0151pontok \u00e9s helysz\u00ednek<\/h2>\n\t\t\n\t\t\t\t\t\t\t<div class=\"wpa9-panel-content\"><div class=\"columns columns-2\" data-columns=\"2\">\n<div class=\"column column-1\">\n<p data-start=\"2811\" data-end=\"2822\"><strong data-start=\"2811\" data-end=\"2820\">Pr\u00e1ga<\/strong><\/p>\n<ul>\n<li data-start=\"2844\" data-end=\"2860\">2026. 10. 21. (9:30\u201316:30)<\/li>\n<li data-start=\"2844\" data-end=\"2860\">2026. 11. 18. (9:30\u201316:30)<\/li>\n<li data-start=\"2844\" data-end=\"2860\">2026. 12. 10. (9:30\u201316:30)<\/li>\n<\/ul>\n<\/div>\n<div class=\"column column-2\">\n<p data-start=\"2862\" data-end=\"2872\"><strong data-start=\"2862\" data-end=\"2870\">Br\u00fcnn<\/strong><\/p>\n<ul>\n<li data-start=\"2894\" data-end=\"2909\">2026. 9. 30. (9:30\u201316:30)<\/li>\n<li>2026. 10. 14. (9:30\u201316:30)<\/li>\n<li>2026. 11. 19. (9:30\u201316:30)<\/li>\n<li>2026. 12. 2. (9:30\u201316:30)<\/li>\n<\/ul>\n<\/div>\n<\/div>\n<\/div>\n\t\t\t\t<\/div>\n\n\t\t\t\t<div class=\"meta meta-buttons d-flex flex-column flex-sm-row justify-content-center\">\n\t\t\t\t\t\t\t<a class=\"btn btn-negative \" href=\"#ai-pravo\" title=\"\u00c9rdekelne egy k\u00e9pz\u00e9s\">\u00c9rdekelne egy k\u00e9pz\u00e9s<\/a>\n\t\t\t\t<\/div>\n\t\t\n\t<\/div>\n\n\t\t\n\t<div class=\"wpa9-card-l-panel wpa9-panel shadow rounded d-flex flex-column justify-content-between\">\n\n\t\t<div>\n\t\t\t\t\n\t\t\t\t\t\t\t\t<h2 class=\"wpa9-panel-title\">Program<\/h2>\n\t\t\n\t\t\t\t\t\t\t<div class=\"wpa9-panel-content\"><ul>\n<li><b>A mesters\u00e9ges intelligencia alapjai:&nbsp;<\/b>Mi az a mesters\u00e9ges intelligencia (&nbsp;\u00e9s mi nem tartozik ide, t\u00edpusok, elvek, korl\u00e1tok.<\/li>\n<li><b>Gyakorlati foglalkoz\u00e1s:&nbsp;<\/b>ChatGPT, Copilot, Gemini, MI-k\u00e9pek, termel\u00e9kenys\u00e9g. Prompt-k\u00e9sz\u00edt\u00e9s \u00e9s \u201e&nbsp;az&nbsp;MI-vel saj\u00e1t feladatok megold\u00e1s\u00e1hoz.<\/li>\n<li><b>Jog \u00e9s biztons\u00e1g:&nbsp;<\/b>Kock\u00e1zatok (elfogults\u00e1g, adatsziv\u00e1rg\u00e1s, deepfake), MI-t\u00f6rv\u00e9ny, GDPR, szerz\u0151i jog, felel\u0151ss\u00e9g, az eredm\u00e9nyek k\u00f6zz\u00e9t\u00e9tele, anonimiz\u00e1l\u00e1s kontra pszeudonimiz\u00e1l\u00e1s.<\/li>\n<\/ul>\n<\/div>\n\t\t\t\t<\/div>\n\n\t\t\n\t<\/div>\n\n\t\t\n\t<div class=\"wpa9-card-l-panel wpa9-panel shadow rounded d-flex flex-column justify-content-between\">\n\n\t\t<div>\n\t\t\t\t\t\t\t<span class=\"wpa9-panel-icon icon\" style=\"display: none; background-image: url('https:\/\/skrivanek.sk\/wp-content\/uploads\/2024\/04\/computer-1185637-1280.jpg')\"><\/span>\n\t\t\t<span class=\"wpa9-panel-icon icon\" style=\"mask-image: url(https:\/\/skrivanek.sk\/wp-content\/uploads\/2024\/04\/computer-1185637-1280-948x520.jpg); -webkit-mask-image: url(https:\/\/skrivanek.sk\/wp-content\/uploads\/2024\/04\/computer-1185637-1280-948x520.jpg);\"><\/span>\n\t\t\n\t\t\t\t\t\t\t\t<h2 class=\"wpa9-panel-title\">El\u0151ny\u00f6k<\/h2>\n\t\t\n\t\t\t\t\t\t\t<div class=\"wpa9-panel-content\"><ul>\n<li><b>Compliance-ready<\/b>: konkr\u00e9t l\u00e9p\u00e9sek az MI-t\u00f6rv\u00e9ny (&nbsp;\u00e9s az MI-t\u00f6rv\u00e9ny\/GDPR betart\u00e1sa \u00e9rdek\u00e9ben + jogbiztons\u00e1g (AK Preegal)<\/li>\n<li><b>Gyors eredm\u00e9ny<\/b>: praktikus sablonok \u00e9s&nbsp;elj\u00e1r\u00e1sok azonnali felhaszn\u00e1l\u00e1sra&nbsp;(Skrivanek)<\/li>\n<\/ul>\n<\/div>\n\t\t\t\t<\/div>\n\n\t\t\n\t<\/div>\n\n\t\t\n\t\n<\/div>\n<\/div><\/div><\/div><\/div><\/div><div id=\"pg-6658-2\"  class=\"panel-grid panel-has-style\" ><div class=\"panel-row-padding-none panel-row-style panel-row-style-for-6658-2\" ><div id=\"pgc-6658-2-0\"  class=\"panel-grid-cell\" ><div id=\"panel-6658-2-0-0\" class=\"so-panel widget widget_wpa9-editor-ext panel-first-child panel-last-child\" data-index=\"2\" ><div\n\t\t\t\n\t\t\tclass=\"so-widget-wpa9-editor-ext so-widget-wpa9-editor-ext-default-c93e1481a745-6658\"\n\t\t\t\n\t\t>\n<div class=\"siteorigin-widget-tinymce textwidget\">\n\t<h3>Kiknek sz\u00f3l a k\u00e9pz\u00e9s?<\/h3>\n<p data-start=\"2951\" data-end=\"2973\">A k\u00e9pz\u00e9s a k\u00f6vetkez\u0151 szem\u00e9lyek sz\u00e1m\u00e1ra aj\u00e1nlott:<\/p>\n<ul>\n<li data-start=\"2977\" data-end=\"3002\">vezet\u0151k \u00e9s v\u00e1llalatvezet\u00e9sek<\/li>\n<li data-start=\"3005\" data-end=\"3041\">HR, marketing, \u00e9rt\u00e9kes\u00edt\u00e9s, h\u00e1tt\u00e9rirodai tev\u00e9kenys\u00e9gek<\/li>\n<li data-start=\"3044\" data-end=\"3079\">jog\u00e1szok \u00e9s megfelel\u00e9si szak\u00e9rt\u0151k<\/li>\n<li data-start=\"3082\" data-end=\"3103\">projektmenedzserek<\/li>\n<li data-start=\"3106\" data-end=\"3162\">mindenkit, aki a v\u00e1llalatn\u00e1l az MI bevezet\u00e9s\u00e9vel foglalkozik, vagy az MI-val dolgozik<\/li>\n<\/ul>\n<p data-start=\"3164\" data-end=\"3294\">Nincs sz\u00fcks\u00e9g sem m\u0171szaki, sem jogi v\u00e9gzetts\u00e9gre.<br data-start=\"3210\" data-end=\"3213\" \/>A tanfolyam \u00fagy van fel\u00e9p\u00edtve, hogy <strong data-start=\"3244\" data-end=\"3294\">\u00e9rthet\u0151, gyakorlatias \u00e9s azonnal alkalmazhat\u00f3<\/strong> legyen <strong data-start=\"3244\" data-end=\"3294\">.<\/strong><\/p>\n<h3 data-start=\"3670\" data-end=\"3699\">Mi\u00e9rt \u00e9sszer\u0171 a Skrivanek + Preegal egy\u00fcttm\u0171k\u00f6d\u00e9s?<\/h3>\n<p data-start=\"557\" data-end=\"929\"><strong data-start=\"557\" data-end=\"615\">Skrivanek: gyakorlati szak\u00e9rtelem a mesters\u00e9ges intelligencia ter\u00fclet\u00e9n a v\u00e1llalatokn\u00e1l<\/strong><br data-start=\"615\" data-end=\"618\" \/>A Skrivanek m\u00e1r r\u00e9g\u00f3ta foglalkozik a mesters\u00e9ges intelligencia oktat\u00e1s\u00e1val \u00e9s v\u00e1llalati k\u00f6rnyezetbe t\u00f6rt\u00e9n\u0151 bevezet\u00e9s\u00e9vel. A k\u00e9pz\u00e9s sor\u00e1n olyan tapasztalatokat oszt meg, amelyekb\u0151l kider\u00fcl, hogyan m\u0171k\u00f6dik val\u00f3j\u00e1ban a mesters\u00e9ges intelligencia a gyakorlatban \u2013 a folyamatokban, a csapatokban \u00e9s a konkr\u00e9t munkak\u00f6r\u00f6kben. Nem \u201ebemutat\u00f3 jelleg\u0171\u201d technol\u00f3gi\u00e1r\u00f3l van sz\u00f3, hanem a v\u00e1llalatok mindennapi m\u0171k\u00f6d\u00e9s\u00e9ben megval\u00f3s\u00edthat\u00f3 felhaszn\u00e1l\u00e1si forgat\u00f3k\u00f6nyvekr\u0151l.<\/p>\n<p data-start=\"933\" data-end=\"1254\"><strong data-start=\"933\" data-end=\"990\">Preegal: szakmai jogi h\u00e1tt\u00e9r \u00e9s a szab\u00e1lyoz\u00e1sban val\u00f3 j\u00e1rtass\u00e1g<\/strong><br data-start=\"990\" data-end=\"993\" \/>A Preegal \u00fcgyv\u00e9di iroda a k\u00e9pz\u00e9s jogi r\u00e9sz\u00e9t biztos\u00edtja, \u00e9s a szab\u00e1lyoz\u00e1s, a felel\u0151ss\u00e9g \u00e9s a megfelel\u00e9s szempontjait is be\u00e9p\u00edti a programba. Az \u00e9rtelmez\u00e9s a hat\u00e1lyos \u00e9s a k\u00e9sz\u00fcl\u0151 jogszab\u00e1lyokon alapul, bele\u00e9rtve az MI-t\u00f6rv\u00e9nyt, a szem\u00e9lyes adatok v\u00e9delm\u00e9t, a szerz\u0151i jogokat \u00e9s egy\u00e9b kapcsol\u00f3d\u00f3 ter\u00fcleteket.<\/p>\n<p data-start=\"1258\" data-end=\"1558\"><strong data-start=\"1258\" data-end=\"1306\">A mesters\u00e9ges intelligencia gyakorlati alkalmaz\u00e1s\u00e1nak \u00e9s a jog \u00f6sszekapcsol\u00e1sa<\/strong><br data-start=\"1306\" data-end=\"1309\" \/>Ennek az egy\u00fcttm\u0171k\u00f6d\u00e9snek az az el\u0151nye, hogy a technol\u00f3giai \u00e9s a jogi szempontokat nem kezelik egym\u00e1st\u00f3l elk\u00fcl\u00f6n\u00edtve. A r\u00e9sztvev\u0151k \u00e1tfog\u00f3 k\u00e9pet kapnak arr\u00f3l, hogyan kell haszn\u00e1lni a mesters\u00e9ges intelligenci\u00e1t, \u00e9s egy\u00fattal arr\u00f3l is, hogy ennek alkalmaz\u00e1sa milyen jogi k\u00f6vetkezm\u00e9nyekkel j\u00e1r. Ez lehet\u0151v\u00e9 teszi a bels\u0151 folyamatok \u00e9s szab\u00e1lyok hat\u00e9konyabb kialak\u00edt\u00e1s\u00e1t.<\/p>\n<\/div>\n<\/div><\/div><\/div><div id=\"pgc-6658-2-1\"  class=\"panel-grid-cell\" ><div id=\"panel-6658-2-1-0\" class=\"so-panel widget panel-first-child panel-last-child\" data-index=\"3\" ><div id=\"ai-pravo\" class=\"panel-widget-style panel-widget-style-for-6658-2-1-0\" ><\/div><\/div><\/div><\/div><\/div><div id=\"pg-6658-3\"  class=\"panel-grid panel-no-style\" ><div id=\"pgc-6658-3-0\"  class=\"panel-grid-cell\" ><div id=\"panel-6658-3-0-0\" class=\"so-panel widget widget_wpa9-editor-ext panel-first-child\" data-index=\"4\" ><div\n\t\t\t\n\t\t\tclass=\"so-widget-wpa9-editor-ext so-widget-wpa9-editor-ext-default-c93e1481a745-6658\"\n\t\t\t\n\t\t>\n<div class=\"siteorigin-widget-tinymce textwidget\">\n\t<h3>Mi\u00e9rt \u00e9ppen ezt a tanfolyamot \u00e9rdemes v\u00e1lasztani?<\/h3>\n<div class=\"columns columns-3\" data-columns=\"3\">\n<div class=\"column column-1\">\n<p data-start=\"650\" data-end=\"920\"><img decoding=\"async\" class=\"aligncenter wp-image-61775\" src=\"https:\/\/skrivanek.cz\/wp-content\/uploads\/2023\/08\/ico-puzzle.svg\" alt=\"kirak\u00f3s j\u00e1t\u00e9k\" width=\"65\"\/><\/p>\n<h5 style=\"text-align: center;\" data-start=\"650\" data-end=\"920\"><strong>\u00c1tfog\u00f3 k\u00e9pet adunk a mesters\u00e9ges intelligenci\u00e1r\u00f3l: gyakorlat + jog<\/strong><\/h5>\n<p style=\"text-align: center;\" data-start=\"650\" data-end=\"920\">Ez a k\u00e9pz\u00e9s \u2013 a piacon el\u00e9rhet\u0151 kev\u00e9s hasonl\u00f3 program egyikek\u00e9nt \u2013 \u00f6sszekapcsolja <strong data-start=\"699\" data-end=\"749\">a mesters\u00e9ges intelligencia v\u00e1llalati gyakorlatban val\u00f3 alkalmaz\u00e1s\u00e1t<\/strong> <strong data-start=\"752\" data-end=\"781\">a szak\u00e9rt\u0151i jogi \u00e9rtelmez\u00e9ssel<\/strong>.<br data-start=\"782\" data-end=\"785\" \/>A r\u00e9sztvev\u0151k nemcsak \u00e1ttekint\u00e9st kapnak a mesters\u00e9ges intelligencia lehet\u0151s\u00e9geir\u0151l, hanem egy\u00fattal egy\u00e9rtelm\u0171 inform\u00e1ci\u00f3kat a jogi korl\u00e1tokr\u00f3l, valamint a munk\u00e1ltat\u00f3 felel\u0151ss\u00e9g\u00e9r\u0151l \u00e9s k\u00f6telezetts\u00e9geir\u0151l.<\/p>\n<\/div>\n<div class=\"column column-2\">\n<p><img loading=\"lazy\" decoding=\"async\" class=\"aligncenter wp-image-73598\" src=\"https:\/\/skrivanek.cz\/wp-content\/uploads\/2025\/01\/ico-ai.png\" alt=\"ai\" width=\"58\" height=\"61\"\/><\/p>\n<h5 style=\"text-align: center;\" data-start=\"927\" data-end=\"967\"><strong>Mesters\u00e9ges intelligencia-ismeretek az MI-t\u00f6rv\u00e9ny szerint<\/strong><\/h5>\n<p style=\"text-align: center;\" data-start=\"969\" data-end=\"1223\">A mesters\u00e9ges intelligenci\u00e1r\u00f3l sz\u00f3l\u00f3 t\u00f6rv\u00e9ny (AI Act) 4. cikke szerint a munk\u00e1ltat\u00f3k k\u00f6telesek biztos\u00edtani a megfelel\u0151 szint\u0171 mesters\u00e9ges intelligencia-ismereteket azok sz\u00e1m\u00e1ra, akik mesters\u00e9ges intelligenci\u00e1val dolgoznak.<br data-start=\"1119\" data-end=\"1122\" \/>Ez a k\u00e9pz\u00e9s seg\u00edt abban, hogy ezt a k\u00f6telezetts\u00e9get <strong data-start=\"1165\" data-end=\"1222\">rendszeresen, szakszer\u0171en \u00e9s a v\u00e1llalati gyakorlatot figyelembe v\u00e9ve<\/strong> teljes\u00edts\u00e9k.<\/p>\n<\/div>\n<div class=\"column column-3\">\n<h5 data-start=\"2052\" data-end=\"2084\"><img alt=\"ico-soudnipreklad\" decoding=\"async\" class=\"aligncenter wp-image-253\" src=\"https:\/\/skrivanek.cz\/wp-content\/uploads\/2021\/01\/ico-soudnipreklad.svg\" alt=\"\" width=\"50\"\/><\/h5>\n<h5 style=\"text-align: center;\" data-start=\"2052\" data-end=\"2084\"><strong data-start=\"2056\" data-end=\"2084\">Tan\u00fas\u00edtv\u00e1ny a k\u00e9pz\u00e9s elv\u00e9gz\u00e9s\u00e9r\u0151l<\/strong><\/h5>\n<p style=\"text-align: center;\" data-start=\"2086\" data-end=\"2226\">Minden r\u00e9sztvev\u0151 megkapja <strong data-start=\"2108\" data-end=\"2155\">az \u201eMI + jog\u201d k\u00e9pz\u00e9s elv\u00e9gz\u00e9s\u00e9r\u0151l sz\u00f3l\u00f3 tan\u00fas\u00edtv\u00e1nyt<\/strong>, amely az MI-ismeretek ter\u00e9n szerzett k\u00e9pz\u00e9s igazol\u00e1sak\u00e9nt szolg\u00e1lhat.<\/p>\n<\/div>\n<\/div>\n<div class=\"columns columns-3\" data-columns=\"3\">\n<div class=\"column column-1\">\n<h5 data-start=\"1230\" data-end=\"1267\"><img alt=\"ico-certifikovana-spolecnost\" decoding=\"async\" class=\"aligncenter wp-image-5285\" src=\"https:\/\/skrivanek.cz\/wp-content\/uploads\/2021\/03\/ico-certifikovana-spolecnost.svg\" alt=\"\" width=\"50\"\/><\/h5>\n<h5 style=\"text-align: center;\" data-start=\"1230\" data-end=\"1267\"><strong data-start=\"1234\" data-end=\"1267\">Gyakorlatban alkalmazhat\u00f3 ismeretek<\/strong><\/h5>\n<p style=\"text-align: center;\" data-start=\"1269\" data-end=\"1358\">A k\u00e9pz\u00e9s az MI munkahelyi alkalmaz\u00e1s\u00e1nak val\u00f3s helyzetekre \u00f6sszpontos\u00edt.<br data-start=\"1336\" data-end=\"1339\" \/>A r\u00e9sztvev\u0151k a k\u00f6vetkez\u0151ket fogj\u00e1k megtanulni:<\/p>\n<p style=\"text-align: center;\">Hogyan lehet hat\u00e9konyan alkalmazni a mesters\u00e9ges intelligenci\u00e1t a mindennapi gyakorlatban<\/p>\n<p style=\"text-align: center;\">hol vannak a hat\u00e1rai<\/p>\n<p style=\"text-align: center;\">\u00e9s hogyan lehet elker\u00fclni a leggyakoribb hib\u00e1kat<\/p>\n<p style=\"text-align: center;\" data-start=\"1473\" data-end=\"1518\">\u00c1ltal\u00e1nos elm\u00e9let n\u00e9lk\u00fcl, a gyakorlati alkalmazhat\u00f3s\u00e1gra helyezve a hangs\u00falyt.<\/p>\n<\/div>\n<div class=\"column column-2\">\n<h5 data-start=\"1525\" data-end=\"1570\"><img alt=\"law\" decoding=\"async\" class=\"aligncenter wp-image-16627\" src=\"https:\/\/skrivanek.cz\/wp-content\/uploads\/2022\/04\/law.svg\" alt=\"\" width=\"50\"\/><\/h5>\n<h5 style=\"text-align: center;\" data-start=\"1525\" data-end=\"1570\"><strong data-start=\"1529\" data-end=\"1570\">Jogi biztons\u00e1g \u00e9s a kock\u00e1zatok \u00e1ttekint\u00e9se<\/strong><\/h5>\n<p style=\"text-align: center;\" data-start=\"315\" data-end=\"458\">A k\u00e9pz\u00e9s jogi r\u00e9sze az MI-rendszerek gyakorlati alkalmaz\u00e1s\u00e1val kapcsolatos konkr\u00e9t kock\u00e1zatokra, valamint az azok haszn\u00e1lat\u00e1b\u00f3l fakad\u00f3 felel\u0151ss\u00e9gre \u00f6sszpontos\u00edt.<\/p>\n<p style=\"text-align: center;\"><strong data-start=\"462\" data-end=\"491\">Az MI-rendszerek haszn\u00e1lat\u00e1val j\u00e1r\u00f3 kock\u00e1zatok<\/strong><br data-start=\"491\" data-end=\"494\" \/>El\u0151\u00edt\u00e9letek, hallucin\u00e1ci\u00f3k, deepfake-tartalmak<\/p>\n<p style=\"text-align: center;\"><strong data-start=\"562\" data-end=\"607\">Adatv\u00e9delem \u00e9s inform\u00e1ci\u00f3biztons\u00e1g (GDPR)<\/strong><br data-start=\"607\" data-end=\"610\" \/>A szem\u00e9lyes \u00e9s \u00e9rz\u00e9keny adatok kezel\u00e9se, az adatsziv\u00e1rg\u00e1s kock\u00e1zatai<\/p>\n<p style=\"text-align: center;\"><strong data-start=\"669\" data-end=\"699\">Az MI-t\u00f6rv\u00e9ny \u00e9s a szab\u00e1lyoz\u00e1si keret<\/strong><br data-start=\"699\" data-end=\"702\" \/>Az eur\u00f3pai szab\u00e1lyoz\u00e1sb\u00f3l fakad\u00f3 k\u00f6telezetts\u00e9gek \u00e9s azok hat\u00e1sa a v\u00e1llalatokra<\/p>\n<p style=\"text-align: center;\"><strong data-start=\"775\" data-end=\"803\">Szerz\u0151i jogok \u00e9s licenc<\/strong><br data-start=\"803\" data-end=\"806\" \/>Szerz\u0151s\u00e9g, az MI-k \u00e1ltal l\u00e9trehozott eredm\u00e9nyek jogi st\u00e1tusza<\/p>\n<p style=\"text-align: center;\"><strong data-start=\"876\" data-end=\"907\">A mesters\u00e9ges intelligencia haszn\u00e1lat\u00e1\u00e9rt viselt felel\u0151ss\u00e9g<\/strong><\/p>\n<\/div>\n<div class=\"column column-3\">\n<h5 data-start=\"1819\" data-end=\"1869\"><img decoding=\"async\" class=\"aligncenter wp-image-27315\" src=\"https:\/\/skrivanek.cz\/wp-content\/uploads\/2023\/03\/ico-skupina-lidi.svg\" alt=\"csoportos tanfolyam \/ group course\" width=\"60\"\/><\/h5>\n<h5 style=\"text-align: center;\" data-start=\"1819\" data-end=\"1869\"><strong data-start=\"1823\" data-end=\"1869\">Kis csoport<\/strong><\/h5>\n<p style=\"text-align: center;\" data-start=\"1871\" data-end=\"1936\">A k\u00e9pz\u00e9s <strong data-start=\"1889\" data-end=\"1921\">kis csoportokban (8\u201311 f\u0151)<\/strong> zajlik, ami az al\u00e1bbiakat teszi lehet\u0151v\u00e9:<\/p>\n<p style=\"text-align: center;\">egy\u00e9ni k\u00e9rd\u00e9sek<\/p>\n<p style=\"text-align: center;\">konkr\u00e9t gyakorlati helyzetekr\u0151l sz\u00f3l\u00f3 megbesz\u00e9l\u00e9s<\/p>\n<\/div>\n<\/div>\n<\/div>\n<\/div><\/div><div id=\"panel-6658-3-0-1\" class=\"so-panel widget widget_wpa9-editor-ext panel-last-child\" data-index=\"5\" ><div\n\t\t\t\n\t\t\tclass=\"so-widget-wpa9-editor-ext so-widget-wpa9-editor-ext-default-c93e1481a745-6658\"\n\t\t\t\n\t\t>\n<div class=\"siteorigin-widget-tinymce textwidget\">\n\t<h3 data-start=\"4361\" data-end=\"4393\">Az \u201eMI + jog\u201d tanfolyam oktat\u00f3i<\/h3>\n<div class=\"columns columns-2\" data-columns=\"2\">\n<div class=\"column column-1\">\n<h4><\/h4>\n<h4><img loading=\"lazy\" decoding=\"async\" class=\"aligncenter wp-image-79815\" src=\"https:\/\/skrivanek.cz\/wp-content\/uploads\/2026\/03\/ai-pravo-lektor-libor.jpg\" alt=\"MI oktat\u00f3, Libor\" width=\"250\" height=\"250\"\/><\/h4>\n<\/div>\n<div class=\"column column-2\">\n<h4>Libor \u0160uhajda<\/h4>\n<p>Fot\u00f3sk\u00e9nt \u00e9s grafikusk\u00e9nt az MI-t leny\u0171g\u00f6z\u0151 eszk\u00f6znek tartom, nem pedig az emberi kreativit\u00e1s helyettes\u00edt\u0151j\u00e9nek. Ennek k\u00f6sz\u00f6nhet\u0151en k\u00e9pes vagyok a h\u00e9tk\u00f6znapi dolgokb\u00f3l rendk\u00edv\u00fcli dolgokat teremteni, de mindig azzal a felt\u00e9tellel, hogy az ir\u00e1ny\u00edt\u00e1st az ember tartja a kez\u00e9ben. Gyakorlati munk\u00e1mban \u00e9s k\u00e9pz\u00e9seim sor\u00e1n is nagy hangs\u00falyt fektetek arra, hogy a elm\u00e9letet a lehet\u0151 legkisebb m\u00e9rt\u00e9kre korl\u00e1tozzam, \u00e9s a lehet\u0151 legt\u00f6bbet gyakoroljuk az eszk\u00f6z\u00f6k haszn\u00e1lat\u00e1t k\u00f6zvetlen\u00fcl az \u00d6n\u00f6k projektjein. Megtan\u00edtom \u00d6n\u00f6ket arra, hogyan lehet hat\u00e9konyan ir\u00e1ny\u00edtani a mesters\u00e9ges intelligenci\u00e1t, \u00e9s kritikus szemmel ellen\u0151rizni annak eredm\u00e9nyeit, hogy az \u00d6n\u00f6k hat\u00e9kony seg\u00e9dj\u00e9v\u00e9 v\u00e1ljon. A professzion\u00e1lis eredm\u00e9nyhez ugyanis tov\u00e1bbra is szak\u00e9rt\u0151i szemre \u00e9s \u00e9rz\u00e9kre van sz\u00fcks\u00e9g.<\/p>\n<p>Ha \u00e9ppen nincs a kezemben a f\u00e9nyk\u00e9pez\u0151g\u00e9p, legsz\u00edvesebben a kutyas\u00e9t\u00e1ltat\u00e1s k\u00f6zben t\u00f6lt\u00f6m fel az akkumul\u00e1torokat.<\/p>\n<\/div>\n<\/div>\n<div class=\"columns columns-2\" data-columns=\"2\">\n<div class=\"column column-1 column-wide\">\n<h4>Marek Frick<\/h4>\n<p><em>Marek k\u00e9t \u00e9ve foglalkozik a mesters\u00e9ges intelligenci\u00e1val, \u00e9s els\u0151sorban olyan eszk\u00f6z\u00f6k gyakorlati alkalmaz\u00e1s\u00e1ra \u00f6sszpontos\u00edt, mint a ChatGPT, a Sora, a Gemini vagy a Perplexity, mind az \u00fczleti \u00e9letben, a sz\u00f6veg\u00edr\u00e1sban \u00e9s az automatiz\u00e1l\u00e1sban, mind pedig a mag\u00e1n\u00e9let\u00e9ben. Technol\u00f3giai alapjait a Csehorsz\u00e1gi M\u0171szaki Egyetem Informatikai Kar\u00e1n szerezte, ahol tanult, \u00e9s ismereteit \u00f6nk\u00e9pz\u00e9ssel \u00e9s gyakorlati tapasztalatokkal folyamatosan b\u0151v\u00edti.<\/em><\/p>\n<p><em>Az MI-t mind \u00fczleti tev\u00e9kenys\u00e9g\u00e9ben, mind pedig k\u00e9pz\u00e9sei sor\u00e1n alkalmazza, p\u00e9ld\u00e1ul a Pardubice-i Tartom\u00e1nyi Hivatal sz\u00e1m\u00e1ra, illetve a Skrivanek nyelviskola keret\u00e9ben. Gazdag oktat\u00f3i tapasztalattal rendelkezik nemcsak a mesters\u00e9ges intelligencia ter\u00fclet\u00e9n, hanem az eg\u00e9szs\u00e9ges t\u00e1pl\u00e1lkoz\u00e1s \u00e9s a p\u00e9nz\u00fcgyek ter\u00fclet\u00e9n is.<\/em><\/p>\n<p><em>Tanfolyamai egyszer\u0171s\u00e9g\u00fckr\u0151l, \u00e9rthet\u0151s\u00e9g\u00fckr\u0151l, j\u00e1t\u00e9koss\u00e1gukr\u00f3l \u00e9s humorukr\u00f3l ismertek, ugyanakkor Marek nagy hangs\u00falyt fektet a professzionalizmusra \u00e9s a legfontosabb inform\u00e1ci\u00f3k \u00e1tad\u00e1s\u00e1ra. \u00dagy v\u00e9li, hogy \u201ea mesters\u00e9ges intelligencia j\u00f3 szolga, de rossz \u00far\u201d, \u00e9s megtan\u00edtja a r\u00e9sztvev\u0151ket arra, hogyan lehet azt okosan \u00e9s biztons\u00e1gosan be\u00e9p\u00edteni a mindennapi gyakorlatba.<\/em><\/p>\n<p><em>Szabadidej\u00e9ben \u00e9rdekl\u0151dik a technol\u00f3gia, a fot\u00f3z\u00e1s, a t\u00e1rsasj\u00e1t\u00e9kok, a sport, a j\u00f3ga, a t\u00f6rt\u00e9nelem, a t\u00far\u00e1z\u00e1s \u00e9s a pszichol\u00f3gia ir\u00e1nt. \u00c9s sz\u00edvesen k\u00e9rdezi: <strong>\u201eTe ir\u00e1ny\u00edtod az elm\u00e9det (MI), vagy az ir\u00e1ny\u00edt t\u00e9ged?\u201d<\/strong><\/em><\/p>\n<\/div>\n<div class=\"column column-2 column-narrow\">\n<p>&nbsp;<\/p>\n<p><img loading=\"lazy\" decoding=\"async\" class=\"aligncenter wp-image-78019\" src=\"https:\/\/skrivanek.cz\/wp-content\/uploads\/2025\/09\/marek-frick-lektor-ai.jpg\" alt=\"Marek Frick \u2013 mesters\u00e9ges intelligencia k\u00e9pz\u00e9s oktat\u00f3\" width=\"300\" height=\"300\"\/><\/p>\n<\/div>\n<\/div>\n<div class=\"columns columns-2\" data-columns=\"2\">\n<div class=\"column column-1\">\n<h4><img alt=\"ai-pravo-lektor-pavla\" loading=\"lazy\" decoding=\"async\" class=\"aligncenter wp-image-79802\" src=\"https:\/\/skrivanek.cz\/wp-content\/uploads\/2026\/03\/ai-pravo-lektor-pavla.jpg\" alt=\"\" width=\"250\" height=\"250\"\/><\/h4>\n<\/div>\n<div class=\"column column-2\">\n<h4><\/h4>\n<h4>Pavla Ne\u010dasov\u00e1<\/h4>\n<p>Pavla Ne\u010dasov\u00e1 az \u00fczleti tan\u00e1csad\u00e1sra, a GDPR-re, a fot\u00f3jogra (szerz\u0151i jogok, licenc, szem\u00e9lyis\u00e9gi jogok) \u00e9s a mesters\u00e9ges intelligencia jog\u00e1ra szakosodott. &nbsp;A fot\u00f3jog ter\u00fclet\u00e9n fot\u00f3s magazinokban publik\u00e1l, el\u0151ad\u00e1sokat tart, \u00e9s l\u00e9trehozta a fotopravo.cz blogot.<\/p>\n<\/div>\n<\/div>\n<div class=\"columns columns-2\" data-columns=\"2\">\n<div class=\"column column-1\">\n<h4><\/h4>\n<h4>Hana Kraj\u010d\u00edkov\u00e1<\/h4>\n<p>Hana Kraj\u010d\u00edkov\u00e1 az \u00fczleti tan\u00e1csad\u00e1sra \u00e9s a szellemi tulajdonjogra szakosodott. Leggyakrabban az informatika \u00e9s a mesters\u00e9ges intelligencia (MI) jogi ter\u00fclet\u00e9n tev\u00e9kenykedik. Emellett k\u00f6zgazdas\u00e1gi diplom\u00e1val is rendelkezik. A medi\u00e1ci\u00f3t t\u00e1mogatja, mint a konfliktusok hat\u00e9kony megold\u00e1si m\u00f3dj\u00e1t.<\/p>\n<\/div>\n<div class=\"column column-2\">\n<p><img alt=\"ai-pravo-lektor-hana\" loading=\"lazy\" decoding=\"async\" class=\"aligncenter wp-image-79805\" src=\"https:\/\/skrivanek.cz\/wp-content\/uploads\/2026\/03\/ai-pravo-lektor-hana.jpg\" alt=\"\" width=\"250\" height=\"250\"\/><\/p>\n<\/div>\n<\/div>\n<\/div>\n<\/div><\/div><\/div><\/div><div id=\"pg-6658-4\"  class=\"panel-grid panel-has-style\" ><div class=\"siteorigin-panels-stretch panel-row-padding-none panel-row-style panel-row-style-for-6658-4\" data-stretch-type=\"full\" ><div id=\"pgc-6658-4-0\"  class=\"panel-grid-cell\" ><div id=\"panel-6658-4-0-0\" class=\"so-panel widget widget_wpa9-editor-ext panel-first-child panel-last-child\" data-index=\"6\" ><div\n\t\t\t\n\t\t\tclass=\"so-widget-wpa9-editor-ext so-widget-wpa9-editor-ext-default-c93e1481a745-6658\"\n\t\t\t\n\t\t>\n<div class=\"siteorigin-widget-tinymce textwidget\">\n\t<h3 class=\"flex flex-col justify-start\">Hogyan \u00e9rt\u00e9kelik a r\u00e9sztvev\u0151k a tanfolyamot?<\/h3>\n<div class=\"wysiwyg-content\">\n<blockquote>\n<p><em>\"Hanka \u00e9s Pavla mesters\u00e9ges intelligenci\u00e1r\u00f3l sz\u00f3l\u00f3 tanfolyam\u00e1t nagyon \u00e9lveztem. A kiszolg\u00e1l\u00e1s professzion\u00e1lis volt, mindk\u00e9t h\u00f6lgy nagyon kedves volt \u00e9s t\u00fcrelmesen viselkedett vel\u00fcnk. Az elm\u00e9leti \u00e9s gyakorlati r\u00e9szek felv\u00e1ltva k\u00f6vetkeztek, ami kellemesen felpezsd\u00edtette a programot. Rengeteg tippet kaptunk arra vonatkoz\u00f3an, hogyan haszn\u00e1lhatjuk az MI-eszk\u00f6z\u00f6ket p\u00e9ld\u00e1ul a munkahelyen, \u00e9s megismerkedt\u00fcnk az MI haszn\u00e1lat\u00e1val j\u00e1r\u00f3 jogi kock\u00e1zatokkal is. Ennek k\u00f6sz\u00f6nhet\u0151en m\u00e1r tudom, hogy a mesters\u00e9ges intelligencia nem fog sz\u00e1momra szerz\u0151i m\u0171vet l\u00e9trehozni, de p\u00e9ld\u00e1ul a Canva-ban megpr\u00f3b\u00e1lhatom, \u00e9s ha a Suno alkalmaz\u00e1s fizet\u0151s verzi\u00f3j\u00e1t haszn\u00e1lom, akkor ehhez m\u00e9g egy eredeti dal is j\u00e1r, amivel ak\u00e1r az eg\u00e9sz vil\u00e1gnak is dicsekedhetek. \u201eA tanfolyamot mindenk\u00e9ppen aj\u00e1nlom.\u201d<\/em><\/p>\n<\/blockquote>\n<p>Petra J., az \u201eMI \u00e9s jog\u201d tanfolyam r\u00e9sztvev\u0151je<\/p>\n<p>&nbsp;<\/p>\n<\/div>\n<div class=\"wysiwyg-content\">\n<blockquote>\n<p><em>\"R\u00e9szt vettem a tanfolyamon, \u00e9s csak dics\u00e9rni tudom. Nemcsak hogy az oktat\u00f3k eg\u00e9sz nap remek\u00fcl gondoskodtak r\u00f3lunk, hogy ne haljunk \u00e9hen, hanem sok mindenre megtan\u00edtottak. Rengeteg olyan inform\u00e1ci\u00f3t szereztem, amelyet a mindennapi \u00e9letben is hasznos\u00edtani fogok. Megmutatt\u00e1k nekem azt az ir\u00e1nyt, amerre el akarok indulni, \u00e9s tov\u00e1bb b\u0151v\u00edteni azokat a ismereteket, amelyeket a tanfolyamon szereztem. \u201eHa van r\u00e1 lehet\u0151s\u00e9g, mindenk\u00e9ppen aj\u00e1nlom, \u00e9s ne habozzatok, v\u00e1gjatok bele!\u201d<\/em><\/p>\n<\/blockquote>\n<p>Veronika B., az \u201eMI \u00e9s jog\u201d tanfolyam r\u00e9sztvev\u0151je<\/p>\n<div class=\"columns columns-2\" data-columns=\"2\">\n<div class=\"column column-1\">\n<p><img alt=\"ai-pravo\" loading=\"lazy\" decoding=\"async\" class=\"aligncenter wp-image-80849\" src=\"https:\/\/skrivanek.cz\/wp-content\/uploads\/2026\/03\/ai-pravo.jpg\" alt=\"\" width=\"512\" height=\"340\"\/><\/p>\n<\/div>\n<div class=\"column column-2\">\n<p><img alt=\"ai-pravo-2\" loading=\"lazy\" decoding=\"async\" class=\"aligncenter wp-image-80852\" src=\"https:\/\/skrivanek.cz\/wp-content\/uploads\/2026\/03\/ai-pravo-2.jpg\" alt=\"\" width=\"512\" height=\"340\"\/><\/p>\n<\/div>\n<\/div>\n<\/div>\n<\/div>\n<\/div><\/div><\/div><\/div><\/div><div id=\"pg-6658-5\"  class=\"panel-grid panel-no-style\" ><div id=\"pgc-6658-5-0\"  class=\"panel-grid-cell\" ><div id=\"panel-6658-5-0-0\" class=\"so-panel widget widget_wpa9-accordion panel-first-child panel-last-child\" data-index=\"7\" ><div\n\t\t\t\n\t\t\tclass=\"so-widget-wpa9-accordion so-widget-wpa9-accordion-default-c93e1481a745-6658\"\n\t\t\t\n\t\t><h3 class=\"widget-title\">GYIK \u2013 Gyakran feltett k\u00e9rd\u00e9sek az \u201eMI + jog\u201d tanfolyamr\u00f3l<\/h3><div class=\"wpa9-accordion\">\n\t<div class=\"wpa9-accordion-panel\" id=\"wpa9-accordion-panel-szuksegem-van-korabbi-tapasztalatokra-az-mi-teren\">\n\n\t\t<div class=\"wpa9-accordion-toggler d-flex\" data-panel=\"szuksegem-van-korabbi-tapasztalatokra-az-mi-teren\" role=\"button\" aria-controls=\"wpa9-accordion-panel-szuksegem-van-korabbi-tapasztalatokra-az-mi-teren\" aria-expanded=\"false\">\n\n\t\t\t<div class=\"wpa9-accordion-icon wpa9-accordion-icon-open\"><\/div>\n\n\t\t\t<div class=\"wpa9-accordion-title\">Sz\u00fcks\u00e9gem van kor\u00e1bbi tapasztalatokra az MI ter\u00e9n?<\/div>\n\n\t\t<\/div>\n\n\t\t<div class=\"wpa9-accordion-content\" role=\"region\">\n\t\t\t<p>Nem. A k\u00e9pz\u00e9s mind a teljes kezd\u0151knek, mind azoknak aj\u00e1nlott, akik m\u00e1r haszn\u00e1lj\u00e1k a mesters\u00e9ges intelligenci\u00e1t, de szeretn\u00e9nek eligazodni a szab\u00e1lyok \u00e9s a kock\u00e1zatok ter\u00e9n.<\/p>\n\t\t<\/div>\n\n\t<\/div>\n\t<div class=\"wpa9-accordion-panel\" id=\"wpa9-accordion-panel-a-kepzes-inkabb-jogi-jellegu-vagy-inkabb-a-mesterseges-intelligenciara-osszpontosit\">\n\n\t\t<div class=\"wpa9-accordion-toggler d-flex\" data-panel=\"a-kepzes-inkabb-jogi-jellegu-vagy-inkabb-a-mesterseges-intelligenciara-osszpontosit\" role=\"button\" aria-controls=\"wpa9-accordion-panel-a-kepzes-inkabb-jogi-jellegu-vagy-inkabb-a-mesterseges-intelligenciara-osszpontosit\" aria-expanded=\"false\">\n\n\t\t\t<div class=\"wpa9-accordion-icon wpa9-accordion-icon-open\"><\/div>\n\n\t\t\t<div class=\"wpa9-accordion-title\">A k\u00e9pz\u00e9s ink\u00e1bb jogi jelleg\u0171, vagy ink\u00e1bb a mesters\u00e9ges intelligenci\u00e1ra \u00f6sszpontos\u00edt?<\/div>\n\n\t\t<\/div>\n\n\t\t<div class=\"wpa9-accordion-content\" role=\"region\">\n\t\t\t<p>Kiegyens\u00falyozott. A c\u00e9l az, hogy <strong data-start=\"4246\" data-end=\"4325\">meg\u00e9rts\u00e9k a mesters\u00e9ges intelligencia lehet\u0151s\u00e9geit, \u00e9s egy\u00fattal elsaj\u00e1t\u00edts\u00e1k, hogyan kell azt biztons\u00e1gosan \u00e9s t\u00f6rv\u00e9nyesen haszn\u00e1lni azt.<\/strong><\/p>\n\t\t<\/div>\n\n\t<\/div>\n\t<div class=\"wpa9-accordion-panel\" id=\"wpa9-accordion-panel-konkret-eszkozokkel-fogunk-dolgozni\">\n\n\t\t<div class=\"wpa9-accordion-toggler d-flex\" data-panel=\"konkret-eszkozokkel-fogunk-dolgozni\" role=\"button\" aria-controls=\"wpa9-accordion-panel-konkret-eszkozokkel-fogunk-dolgozni\" aria-expanded=\"false\">\n\n\t\t\t<div class=\"wpa9-accordion-icon wpa9-accordion-icon-open\"><\/div>\n\n\t\t\t<div class=\"wpa9-accordion-title\">Konkr\u00e9t eszk\u00f6z\u00f6kkel fogunk dolgozni?<\/div>\n\n\t\t<\/div>\n\n\t\t<div class=\"wpa9-accordion-content\" role=\"region\">\n\t\t\t<p>Igen, a gyakorlati r\u00e9szben konkr\u00e9t p\u00e9ld\u00e1kat \u00e9s felhaszn\u00e1l\u00e1si forgat\u00f3k\u00f6nyveket l\u00e1thatnak.<\/p>\n\t\t<\/div>\n\n\t<\/div>\n\t<div class=\"wpa9-accordion-panel\" id=\"wpa9-accordion-panel-kapok-majd-anyagokat-a-kepzes-utan\">\n\n\t\t<div class=\"wpa9-accordion-toggler d-flex\" data-panel=\"kapok-majd-anyagokat-a-kepzes-utan\" role=\"button\" aria-controls=\"wpa9-accordion-panel-kapok-majd-anyagokat-a-kepzes-utan\" aria-expanded=\"false\">\n\n\t\t\t<div class=\"wpa9-accordion-icon wpa9-accordion-icon-open\"><\/div>\n\n\t\t\t<div class=\"wpa9-accordion-title\">Kapok majd anyagokat a k\u00e9pz\u00e9s ut\u00e1n?<\/div>\n\n\t\t<\/div>\n\n\t\t<div class=\"wpa9-accordion-content\" role=\"region\">\n\t\t\t<p>Igen, a r\u00e9sztvev\u0151k <span data-teams=\"true\">olyan anyagokat<\/span> kapnak, amelyek <span data-teams=\"true\">\u00f6sszefoglalj\u00e1k a k\u00e9pz\u00e9s legfontosabb pontjait \u00e9s gyakorlati tippeket tartalmaznak.&nbsp;<\/span><\/p>\n\t\t<\/div>\n\n\t<\/div>\n\t<div class=\"wpa9-accordion-panel\" id=\"wpa9-accordion-panel-a-kepzes-naprakesz-e-az-mi-torveny-es-a-keszulo-szabalyozas-tekinteteben\">\n\n\t\t<div class=\"wpa9-accordion-toggler d-flex\" data-panel=\"a-kepzes-naprakesz-e-az-mi-torveny-es-a-keszulo-szabalyozas-tekinteteben\" role=\"button\" aria-controls=\"wpa9-accordion-panel-a-kepzes-naprakesz-e-az-mi-torveny-es-a-keszulo-szabalyozas-tekinteteben\" aria-expanded=\"false\">\n\n\t\t\t<div class=\"wpa9-accordion-icon wpa9-accordion-icon-open\"><\/div>\n\n\t\t\t<div class=\"wpa9-accordion-title\">A k\u00e9pz\u00e9s naprak\u00e9sz-e az MI-t\u00f6rv\u00e9ny \u00e9s a k\u00e9sz\u00fcl\u0151 szab\u00e1lyoz\u00e1s tekintet\u00e9ben?<\/div>\n\n\t\t<\/div>\n\n\t\t<div class=\"wpa9-accordion-content\" role=\"region\">\n\t\t\t<p>Igen. A k\u00e9pz\u00e9s jogi r\u00e9sze \u00e1ttekinti a jogszab\u00e1lyok jelenlegi \u00e1ll\u00e1s\u00e1t, bele\u00e9rtve az MI-t\u00f6rv\u00e9nyt \u00e9s annak hat\u00e1s\u00e1t a csehorsz\u00e1gi \u00e9s eur\u00f3pai v\u00e1llalatokra.<\/p>\n\t\t<\/div>\n\n\t<\/div>\n\t<div class=\"wpa9-accordion-panel\" id=\"wpa9-accordion-panel-mennyi-idot-vesz-igenybe-a-kepzes-es-hogyan-epul-fel\">\n\n\t\t<div class=\"wpa9-accordion-toggler d-flex\" data-panel=\"mennyi-idot-vesz-igenybe-a-kepzes-es-hogyan-epul-fel\" role=\"button\" aria-controls=\"wpa9-accordion-panel-mennyi-idot-vesz-igenybe-a-kepzes-es-hogyan-epul-fel\" aria-expanded=\"false\">\n\n\t\t\t<div class=\"wpa9-accordion-icon wpa9-accordion-icon-open\"><\/div>\n\n\t\t\t<div class=\"wpa9-accordion-title\">Mennyi id\u0151t vesz ig\u00e9nybe a k\u00e9pz\u00e9s, \u00e9s hogyan \u00e9p\u00fcl fel?<\/div>\n\n\t\t<\/div>\n\n\t\t<div class=\"wpa9-accordion-content\" role=\"region\">\n\t\t\t<p>A k\u00e9pz\u00e9s 6 \u00f3r\u00e1ig tart, \u00e9s \u00e1ltal\u00e1nos, gyakorlati \u00e9s jogi r\u00e9szb\u0151l \u00e1ll. A fel\u00e9p\u00edt\u00e9s lehet\u0151v\u00e9 teszi a z\u00f6kken\u0151mentes \u00e1tmenetet az MI lehet\u0151s\u00e9geit\u0151l a gyakorlati alkalmaz\u00e1son \u00e1t a jogi \u00f6sszef\u00fcgg\u00e9sekig.<\/p>\n\t\t<\/div>\n\n\t<\/div>\n\t<div class=\"wpa9-accordion-panel\" id=\"wpa9-accordion-panel-kapok-igazolast-a-kepzes-elvegzese-utan\">\n\n\t\t<div class=\"wpa9-accordion-toggler d-flex\" data-panel=\"kapok-igazolast-a-kepzes-elvegzese-utan\" role=\"button\" aria-controls=\"wpa9-accordion-panel-kapok-igazolast-a-kepzes-elvegzese-utan\" aria-expanded=\"false\">\n\n\t\t\t<div class=\"wpa9-accordion-icon wpa9-accordion-icon-open\"><\/div>\n\n\t\t\t<div class=\"wpa9-accordion-title\">Kapok igazol\u00e1st a k\u00e9pz\u00e9s elv\u00e9gz\u00e9se ut\u00e1n?<\/div>\n\n\t\t<\/div>\n\n\t\t<div class=\"wpa9-accordion-content\" role=\"region\">\n\t\t\t<p>Igen. Minden r\u00e9sztvev\u0151 tan\u00fas\u00edtv\u00e1nyt kap az \u201eMI + jog\u201d k\u00e9pz\u00e9s elv\u00e9gz\u00e9s\u00e9r\u0151l.<\/p>\n\t\t<\/div>\n\n\t<\/div>\n\t<div class=\"wpa9-accordion-panel\" id=\"wpa9-accordion-panel-alkalmas-e-a-kepzes-a-hr-es-a-megfelelesi-teruleten-dolgozok-szamara-is\">\n\n\t\t<div class=\"wpa9-accordion-toggler d-flex\" data-panel=\"alkalmas-e-a-kepzes-a-hr-es-a-megfelelesi-teruleten-dolgozok-szamara-is\" role=\"button\" aria-controls=\"wpa9-accordion-panel-alkalmas-e-a-kepzes-a-hr-es-a-megfelelesi-teruleten-dolgozok-szamara-is\" aria-expanded=\"false\">\n\n\t\t\t<div class=\"wpa9-accordion-icon wpa9-accordion-icon-open\"><\/div>\n\n\t\t\t<div class=\"wpa9-accordion-title\">Alkalmas-e a k\u00e9pz\u00e9s a HR- \u00e9s a megfelel\u00e9si ter\u00fcleten dolgoz\u00f3k sz\u00e1m\u00e1ra is?<\/div>\n\n\t\t<\/div>\n\n\t\t<div class=\"wpa9-accordion-content\" role=\"region\">\n\t\t\t<p>Igen. A k\u00e9pz\u00e9s rendk\u00edv\u00fcl relev\u00e1ns a HR-esek, a megfelel\u00e9s\u00e9rt felel\u0151s szakemberek, a jogi oszt\u00e1lyok \u00e9s a vezet\u0151s\u00e9g sz\u00e1m\u00e1ra, akik az MI ter\u00fclet\u00e9n a felel\u0151ss\u00e9ggel, a szab\u00e1lyok kialak\u00edt\u00e1s\u00e1val \u00e9s a munkav\u00e1llal\u00f3k k\u00e9pz\u00e9s\u00e9vel foglalkoznak.<\/p>\n\t\t<\/div>\n\n\t<\/div>\n<\/div>\n<\/div><\/div><\/div><\/div><div id=\"pg-6658-6\"  class=\"panel-grid panel-has-style\" ><div class=\"siteorigin-panels-stretch panel-row-padding-none panel-row-style panel-row-style-for-6658-6\" data-stretch-type=\"full\" ><div id=\"pgc-6658-6-0\"  class=\"panel-grid-cell\" ><div id=\"panel-6658-6-0-0\" class=\"so-panel widget widget_wpa9-card-s panel-first-child panel-last-child\" data-index=\"8\" ><div\n\t\t\t\n\t\t\tclass=\"so-widget-wpa9-card-s so-widget-wpa9-card-s-default-c93e1481a745-6658\"\n\t\t\t\n\t\t><div class=\"wpa9-card wpa9-card-s wide negative\">\n\n\t<div class=\"wpa9-card-wrapper container\">\n\n\t\t<div class=\"wpa9-card-text\">\n\t\t\t<h2 class=\"wpa9-card-title\">K\u00e9sz\u00edtse fel csapat\u00e1t az MI gyakorlati alkalmaz\u00e1s\u00e1ra<\/h2>\n\t\t\t<div class=\"wpa9-card-content\"><p style=\"text-align: center\">Az \u201eMI + jog\u201d k\u00e9pz\u00e9s seg\u00edt abban, hogy a mesters\u00e9ges intelligencia alkalmaz\u00e1s\u00e1t a v\u00e1llalatn\u00e1l a hat\u00e9konys\u00e1g, a biztons\u00e1g \u00e9s a jogszab\u00e1lyok figyelembev\u00e9tel\u00e9vel alak\u00edtsa ki.<\/p>\n<\/div>\t\t<\/div>\n\n\t\t\t\t<div class=\"meta meta-buttons d-flex flex-row justify-content-center\">\n\t\t\t\t\t\t\t<a class=\"btn btn-negative \" href=\"#ai-pravo\" title=\"\u00c9rdekelne egy k\u00e9pz\u00e9s\">\u00c9rdekelne egy k\u00e9pz\u00e9s<\/a>\n\t\t\t\t<\/div>\n\t\t\n\t<\/div>\n\n<\/div>\n<\/div><\/div><\/div><\/div><\/div><\/div>","protected":false},"excerpt":{"rendered":"<p>Az&nbsp;AK Preegal-lal egy\u00fcttm\u0171k\u00f6d\u00e9sben szervezett speci\u00e1lis k\u00e9pz\u00e9s Az MI bevezet\u00e9se a v\u00e1llalatokba biztons\u00e1gosan \u00e9s&nbsp;(helyesen) A mesters\u00e9ges intelligencia gyorsan a munkafolyamatok szerves r\u00e9sz\u00e9v\u00e9 v\u00e1lik \u2013 a marketingt\u0151l, a HR-t\u0151l \u00e9s az \u00fcgyf\u00e9lszolg\u00e1latt\u00f3l kezdve a menedzsmentig, az adatelemz\u00e9sig vagy a bels\u0151 kommunik\u00e1ci\u00f3ig. A lehet\u0151s\u00e9gek mellett azonban alapvet\u0151 k\u00e9rd\u00e9seket is felvet:Mi sz\u00e1m\u00edt m\u00e9g leg\u00e1lisnak? Hogyan kell az adatokkal dolgozni? [&hellip;]<\/p>\n","protected":false},"author":1,"featured_media":0,"parent":6679,"menu_order":0,"comment_status":"closed","ping_status":"closed","template":"","meta":{"_acf_changed":false,"footnotes":""},"class_list":["post-6658","page","type-page","status-publish","hentry"],"acf":[],"_links":{"self":[{"href":"https:\/\/skrivanek.sk\/hu\/wp-json\/wp\/v2\/pages\/6658","targetHints":{"allow":["GET"]}}],"collection":[{"href":"https:\/\/skrivanek.sk\/hu\/wp-json\/wp\/v2\/pages"}],"about":[{"href":"https:\/\/skrivanek.sk\/hu\/wp-json\/wp\/v2\/types\/page"}],"author":[{"embeddable":true,"href":"https:\/\/skrivanek.sk\/hu\/wp-json\/wp\/v2\/users\/1"}],"replies":[{"embeddable":true,"href":"https:\/\/skrivanek.sk\/hu\/wp-json\/wp\/v2\/comments?post=6658"}],"version-history":[{"count":1,"href":"https:\/\/skrivanek.sk\/hu\/wp-json\/wp\/v2\/pages\/6658\/revisions"}],"predecessor-version":[{"id":6696,"href":"https:\/\/skrivanek.sk\/hu\/wp-json\/wp\/v2\/pages\/6658\/revisions\/6696"}],"up":[{"embeddable":true,"href":"https:\/\/skrivanek.sk\/hu\/wp-json\/wp\/v2\/pages\/6679"}],"wp:attachment":[{"href":"https:\/\/skrivanek.sk\/hu\/wp-json\/wp\/v2\/media?parent=6658"}],"curies":[{"name":"wp","href":"https:\/\/api.w.org\/{rel}","templated":true}]}}